{"id":372,"date":"2025-02-03T23:05:59","date_gmt":"2025-02-03T22:05:59","guid":{"rendered":"https:\/\/receviladecans.cat\/informacion-practica-de-la-ciudad\/"},"modified":"2025-07-21T12:32:12","modified_gmt":"2025-07-21T10:32:12","slug":"informacion-practica","status":"publish","type":"page","link":"https:\/\/receviladecans.cat\/es\/informacion-practica\/","title":{"rendered":"Informaci\u00f3n pr\u00e1ctica de la ciudad"},"content":{"rendered":"<div class=\"wpb-content-wrapper\"><p>[vc_row full_width=\u00bbstretch_row_content_no_spaces\u00bb content_placement=\u00bbmiddle\u00bb parallax=\u00bbcontent-moving\u00bb parallax_image=\u00bb168&#8243; css_animation=\u00bbfadeIn\u00bb el_id=\u00bbheader-title\u00bb css=\u00bb.vc_custom_1740569812421{margin-bottom: 4rem !important;}\u00bb][vc_column css=\u00bb.vc_custom_1738617474251{margin-top: 0px !important;margin-bottom: 0px !important;padding-top: 8rem !important;padding-bottom: 8rem !important;background-color: #D7D7D799 !important;}\u00bb][vc_custom_heading text=\u00bbInformaci\u00f3n pr\u00e1ctica de la ciudad\u00bb font_container=\u00bbtag:h1|text_align:center|color:%23616160&#8243; use_theme_fonts=\u00bbyes\u00bb css_animation=\u00bbnone\u00bb css=\u00bb.vc_custom_1738618905861{margin-bottom: 0px !important;}\u00bb][\/vc_column][\/vc_row][vc_row gap=\u00bb30&#8243; equal_height=\u00bbyes\u00bb content_placement=\u00bbmiddle\u00bb css_animation=\u00bbfadeIn\u00bb][vc_column css_animation=\u00bbfadeIn\u00bb width=\u00bb1\/2&#8243;][vc_custom_heading text=\u00bbTe esperamos en Viladecans\u00bb font_container=\u00bbtag:h2|text_align:left|color:%23CA4D5D\u00bb use_theme_fonts=\u00bbyes\u00bb css_animation=\u00bbfadeIn\u00bb css=\u00bb\u00bb][vc_column_text css=\u00bb.vc_custom_1738621096825{margin-bottom: 0px !important;}\u00bb]<\/p>\n<p style=\"text-align: justify;\">Viladecans forma parte del <strong>\u00c1rea Metropolitana de Barcelona<\/strong> y est\u00e1 en la comarca del Baix Llobregat. Tiene una superficie de 20,4 km2, situados en pleno <strong>delta del r\u00edo Llobregat<\/strong>, y se extiende desde la sierra prelitoral hasta el mar. Actualmente, en Viladecans vivimos m\u00e1s de 65.000 habitantes.  <\/p>\n<p style=\"text-align: justify;\">Si quieres visitarnos puedes disfrutar del amplio <strong>patrimonio natural<\/strong>, que cuenta con una zona forestal llena de itinerarios para pasear, una zona agr\u00edcola y los humedales, que complementan los 2,5 kil\u00f3metros de longitud de nuestra playa. Adem\u00e1s, la ciudad tambi\u00e9n es rica en <strong>patrimonio arquitect\u00f3nico<\/strong>, con edificios que se pueden visitar para conocer mejor nuestra historia, y ofrece un amplio abanico de actividades culturales, fiestas y eventos a lo largo del a\u00f1o. <\/p>\n<p style=\"text-align: justify;\">Te invitamos a disfrutar de todas las propuestas que ofrecemos, para todos los p\u00fablicos, y a probar la <strong>gastronom\u00eda <\/strong>y los productos locales en establecimientos, mercados, ferias y comercios de Viladecans.<\/p>\n<p>[\/vc_column_text][\/vc_column][vc_column css_animation=\u00bbfadeIn\u00bb width=\u00bb1\/2&#8243;][vc_single_image image=\u00bb87&#8243; img_size=\u00bblarge\u00bb alignment=\u00bbcenter\u00bb css=\u00bb\u00bb el_class=\u00bbimatge-text\u00bb][\/vc_column][\/vc_row][vc_row gap=\u00bb30&#8243; equal_height=\u00bbyes\u00bb content_placement=\u00bbmiddle\u00bb css_animation=\u00bbfadeIn\u00bb css=\u00bb.vc_custom_1738620237327{margin-bottom: 4rem !important;}\u00bb][vc_column width=\u00bb1\/2&#8243;][vc_custom_heading text=\u00bb\u00bfC\u00f3mo deseas venir?\u00bb font_container=\u00bbtag:h2|text_align:left|color:%23CA4D5D\u00bb use_theme_fonts=\u00bbyes\u00bb css_animation=\u00bbfadeIn\u00bb css=\u00bb.vc_custom_1738620457327{margin-bottom: 2rem !important;}\u00bb][vc_tta_accordion c_icon=\u00bbchevron\u00bb c_position=\u00bbright\u00bb active_section=\u00bb1&#8243; collapsible_all=\u00bbtrue\u00bb][vc_tta_section i_icon_fontawesome=\u00bbfas fa-bus-alt\u00bb add_icon=\u00bbtrue\u00bb title=\u00bbEn autob\u00fas\u00bb tab_id=\u00bbautobus\u00bb][vc_column_text css=\u00bb\u00bb]El municipio dispone de varias l\u00edneas urbanas e interurbanas de autob\u00fas p\u00fablico. Puedes consultar los horarios y los recorridos que se adapten mejor a tus necesidades en el web <a href=\"http:\/\/www.ambmobilitat.cat\/\" target=\"_blank\" rel=\"noopener\">www.ambmobilitat.cat<\/a> o en el tel\u00e9fono 902 023 393. <\/p>\n<ul class=\"list\">\n<li><strong>L\u00edneas interurbanas:<\/strong> L80, X80, L82, X83, X84, L85, X86, L86, L88, L96, L97, X98, L99, M5, N14, N16 i N19<\/li>\n<li><strong>L\u00edneas urbanas:<\/strong> VB1, VB2 y, los meses de julio y agosto, la VB4 conecta el n\u00facleo urbano con las playas del municipio<\/li>\n<\/ul>\n<p>M\u00e1s informaci\u00f3n en la web de la <a href=\"https:\/\/www.ambmobilitat.cat\/Principales\/inicio.aspx\" target=\"_blank\" rel=\"noopener\">Entidad Metropolitana del Transporte<\/a>.[\/vc_column_text][\/vc_tta_section][vc_tta_section i_icon_fontawesome=\u00bbfas fa-train\u00bb add_icon=\u00bbtrue\u00bb title=\u00bbEn tren\u00bb tab_id=\u00bbtren\u00bb][vc_column_text css=\u00bb\u00bb]La l\u00ednea de Cercan\u00edas Renfe Vilanova \u2013 Sant Vicen\u00e7 de Calders (R2 y R2 Sur) tiene parada en nuestro municipio. Puedes consultar los horarios en el web <a href=\"http:\/\/rodalies.gencat.cat\/\" target=\"_blank\" rel=\"noopener\">rodalies.gencat.cat<\/a> o en el tel\u00e9fono 902 240 202. <\/p>\n<p>M\u00e1s informaci\u00f3n en la web de <a href=\"https:\/\/rodalies.gencat.cat\/ca\/inici\/\" target=\"_blank\" rel=\"noopener\">Cercan\u00edas de Catalu\u00f1a<\/a>.[\/vc_column_text][\/vc_tta_section][vc_tta_section i_icon_fontawesome=\u00bbfas fa-taxi\u00bb add_icon=\u00bbtrue\u00bb title=\u00bbEn taxi\u00bb tab_id=\u00bbtaxi\u00bb][vc_column_text css=\u00bb\u00bb]Hay varias compa\u00f1\u00edas de taxi que operan en nuestra poblaci\u00f3n:<\/p>\n<ul class=\"list\">\n<li>Radio Taxi Baix Llobregat: tel. 936 303 030<\/li>\n<li>Su Taxi &#8211; Viladecans: tel. 936 408 080<\/li>\n<\/ul>\n<p>M\u00e1s informaci\u00f3n en la web de <a href=\"https:\/\/taxi.amb.cat\/s\/home.html\" target=\"_blank\" rel=\"noopener\">Taxis de la AMB<\/a>.[\/vc_column_text][\/vc_tta_section][vc_tta_section i_icon_fontawesome=\u00bbfas fa-car-side\u00bb add_icon=\u00bbtrue\u00bb title=\u00bbPor carretera\u00bb tab_id=\u00bbcarretera\u00bb][vc_column_text css=\u00bb\u00bb]\u00bfPrefieres utilizar el veh\u00edculo privado? Puedes llegar a Viladecans por varias carreteras: la autopista C-32, la autov\u00eda C-31 \/ C-204, la carretera C-245 o la BV-2003. <\/p>\n<p>Coordenadas:<br \/>\n41\u00b0 18\u2032 57\u2033 N, 2\u00b0 1\u2032 10\u2033 E<br \/>\n41.315833\u00b0, 2.019444\u00b0<br \/>\nUTM 4574282 417928 31T[\/vc_column_text][\/vc_tta_section][vc_tta_section i_icon_fontawesome=\u00bbfas fa-plane\u00bb add_icon=\u00bbtrue\u00bb title=\u00bbDesde el aeropuerto\u00bb tab_id=\u00bbaeroport\u00bb][vc_column_text css=\u00bb\u00bb]S\u00f3lo tardar\u00e1s diez minutos del aeropuerto de Barcelona \u2013 El Prat hasta Viladecans en veh\u00edculo privado, aunque tambi\u00e9n hay una l\u00ednea de autob\u00fas que te lleva. Si vienes de fuera, puedes consultar los horarios y fechas de vuelos disponibles en <a href=\"https:\/\/www.aena.es\/es\/pasajeros\/pasajeros.html\" target=\"_blank\" rel=\"noopener\">AENA <\/a>o en los tel\u00e9fonos 902 404 704 \/ 913 211 000. <\/p>\n<p>M\u00e1s informaci\u00f3n en la web del <a href=\"https:\/\/www.aena.es\/es\/josep-tarradellas-barcelona-el-prat.html\" target=\"_blank\" rel=\"noopener\">Aeropuerto de Barcelona<\/a>.[\/vc_column_text][\/vc_tta_section][\/vc_tta_accordion][\/vc_column][vc_column width=\u00bb1\/2&#8243;][vc_custom_heading text=\u00bbGran oferta gastron\u00f3mica\u00bb font_container=\u00bbtag:h2|text_align:left|color:%23CA4D5D\u00bb use_theme_fonts=\u00bbyes\u00bb css_animation=\u00bbfadeIn\u00bb css=\u00bb.vc_custom_1738621073422{margin-bottom: 2rem !important;}\u00bb][vc_column_text css=\u00bb\u00bb]<\/p>\n<p style=\"text-align: justify;\">Viladecans dispone de una variada oferta gastron\u00f3mica, con una importante apuesta por el producto de <strong>proximidad <\/strong>y la calidad. Desde locales de tapas hasta cartas de \u00abcinco tenedores\u00bb, \u00a1tienes mucho donde elegir! Hay <strong>m\u00e1s de un centenar de establecimientos gastron\u00f3micos<\/strong> en la ciudad. Adem\u00e1s, el Gremio de Hosteler\u00eda organiza <strong>diversas iniciativas populares<\/strong> cada a\u00f1o para disfrutar de la gastronom\u00eda.   <\/p>\n<p>[\/vc_column_text][vc_cta h2=\u00bb\u00bb style=\u00bbflat\u00bb add_button=\u00bbbottom\u00bb btn_title=\u00bb\u00a1Vamos!\u00bb btn_style=\u00bbgradient-custom\u00bb btn_gradient_custom_color_1=\u00bb#CEDBE0&#8243; btn_gradient_custom_color_2=\u00bb#D8DFE2&#8243; btn_gradient_text_color=\u00bb#555555&#8243; btn_align=\u00bbcenter\u00bb btn_i_icon_fontawesome=\u00bbfas fa-utensils\u00bb css=\u00bb\u00bb btn_button_block=\u00bbtrue\u00bb btn_add_icon=\u00bbtrue\u00bb btn_link=\u00bburl:https%3A%2F%2Fwww.gremihosteleriaviladecans.es%2Flang-es%2Fpag%2Flocations%2F|target:_blank|\u00bb]Entra en este mapa interactivo y descubre como en Viladecans puedes encontrar de todo sin coger el coche[\/vc_cta][vc_custom_heading text=\u00bb\u00bfD\u00f3nde dormir?\u00bb font_container=\u00bbtag:h2|text_align:left|color:%23CA4D5D\u00bb use_theme_fonts=\u00bbyes\u00bb css_animation=\u00bbfadeIn\u00bb css=\u00bb.vc_custom_1738621668319{margin-bottom: 2rem !important;}\u00bb][vc_tta_accordion c_icon=\u00bbchevron\u00bb c_position=\u00bbright\u00bb active_section=\u00bb999&#8243; collapsible_all=\u00bbtrue\u00bb][vc_tta_section i_icon_fontawesome=\u00bbfa fa-solid fa-hotel\u00bb add_icon=\u00bbtrue\u00bb title=\u00bbHoteles\u00bb tab_id=\u00bbhotels\u00bb][vc_column_text css=\u00bb\u00bb]<\/p>\n<ul>\n<li><strong>Hotel B&amp;B Viladecans<\/strong> (Hotel 3*) &#8211; Avenida Olof Palme, 24 , esquina con Calle de la Tecnolog\u00eda &#8211; <strong><a href=\"https:\/\/maps.app.goo.gl\/vkG44B6rCysbz1NQA\" target=\"_blank\" rel=\"noopener\">Ver en Google Maps<\/a><\/strong><\/li>\n<li><strong>Hotel Ibis Aeropuerto Barcelona Viladecans<\/strong> (Hotel 1*) &#8211; Carretera C-245 n\u00fam. 84 &#8211; <strong><a href=\"https:\/\/maps.app.goo.gl\/Pk1wviMJeV6txYCi8\" target=\"_blank\" rel=\"noopener\">Ver en Google Maps<\/a><\/strong> <\/li>\n<li><strong>Four Points By Sheraton Barcelona Airport<\/strong> (Hotel 4*) &#8211; Calle de la Tecnolog\u00eda n\u00fam. 15 &#8211; <strong><a href=\"https:\/\/maps.app.goo.gl\/aU6QRdUfFvuRfZUN6\" target=\"_blank\" rel=\"noopener\">Ver en Google Maps<\/a><\/strong> <\/li>\n<\/ul>\n<p>[\/vc_column_text][\/vc_tta_section][vc_tta_section i_icon_fontawesome=\u00bbfa fa-solid fa-hotel\u00bb add_icon=\u00bbtrue\u00bb title=\u00bbPensiones\u00bb tab_id=\u00bbpensions\u00bb][vc_column_text css=\u00bb\u00bb]<\/p>\n<ul>\n<li><strong>Ibis Budget Aeropuerto Barcelona Viladecans<\/strong> &#8211; Carretera Barcelona n\u00fam. 82 &#8211; <strong><a href=\"https:\/\/maps.app.goo.gl\/f5d3WRDzXXRfbAmVA\" target=\"_blank\" rel=\"noopener\">Ver en Google Maps<\/a><\/strong> <\/li>\n<\/ul>\n<p>[\/vc_column_text][\/vc_tta_section][\/vc_tta_accordion][\/vc_column][\/vc_row][vc_row gap=\u00bb30&#8243; equal_height=\u00bbyes\u00bb content_placement=\u00bbmiddle\u00bb css_animation=\u00bbfadeIn\u00bb css=\u00bb.vc_custom_1738620237327{margin-bottom: 4rem !important;}\u00bb][vc_column width=\u00bb1\/2&#8243;][vc_custom_heading text=\u00bbUna vez en Viladecans\u00bb font_container=\u00bbtag:h2|text_align:left|color:%23CA4D5D\u00bb use_theme_fonts=\u00bbyes\u00bb css_animation=\u00bbfadeIn\u00bb css=\u00bb.vc_custom_1738621653796{margin-bottom: 2rem !important;}\u00bb][vc_column_text css=\u00bb\u00bb]<\/p>\n<p style=\"text-align: justify;\">Para conocer Viladecans desplaz\u00e1ndote en bici o a pie hemos instalado 23 puntos de se\u00f1ales colocados estrat\u00e9gicamente para facilitar que os orient\u00e9is por la ciudad. Se trata de informaci\u00f3n precisa para desplazarnos y encontrar los principales espacios comerciales y tur\u00edsticos, equipamientos y edificios hist\u00f3ricos. Para ello, las indicaciones tambi\u00e9n se ofrecen en ingl\u00e9s.  <\/p>\n<p style=\"text-align: justify;\">Las se\u00f1ales, que incluyen las distancias en minutos a los puntos destacados &#8211; tanto a pie como en bicicleta-, utilizan un lenguaje visual igualitario, representando los pictogramas de personas con mujeres por una cara de cada se\u00f1al y con hombres, por la otra.<\/p>\n<p style=\"text-align: justify;\">Adem\u00e1s, se identifica cada punto no s\u00f3lo con el nombre sino con un pictograma propio que facilita seguir la ruta con un simple vistazo. Asimismo, cada bloque de se\u00f1ales direccionales incluye la direcci\u00f3n de la web municipal para que cualquiera que quiera m\u00e1s informaci\u00f3n pueda obtenerla. Asimismo, cada bloque de se\u00f1ales direccionales incluye la direcci\u00f3n de la web municipal para que cualquiera que quiera m\u00e1s informaci\u00f3n pueda obtenerla.<\/p>\n<p>[\/vc_column_text][\/vc_column][vc_column width=\u00bb1\/2&#8243;][vc_single_image image=\u00bb96&#8243; img_size=\u00bblarge\u00bb alignment=\u00bbcenter\u00bb css=\u00bb\u00bb el_class=\u00bbimatge-text\u00bb][\/vc_column][\/vc_row][vc_row gap=\u00bb30&#8243; equal_height=\u00bbyes\u00bb content_placement=\u00bbmiddle\u00bb css_animation=\u00bbfadeIn\u00bb css=\u00bb.vc_custom_1738620237327{margin-bottom: 4rem !important;}\u00bb][vc_column width=\u00bb1\/2&#8243;][vc_single_image image=\u00bb179&#8243; img_size=\u00bblarge\u00bb alignment=\u00bbcenter\u00bb css=\u00bb\u00bb el_class=\u00bbimatge-text\u00bb][\/vc_column][vc_column width=\u00bb1\/2&#8243;][vc_custom_heading text=\u00bbUna experiencia sostenible\u00bb font_container=\u00bbtag:h2|text_align:left|color:%23CA4D5D\u00bb use_theme_fonts=\u00bbyes\u00bb css_animation=\u00bbfadeIn\u00bb css=\u00bb.vc_custom_1740569392738{margin-bottom: 2rem !important;}\u00bb][vc_column_text css=\u00bb\u00bb]Viladecans te da la bienvenida y te invita a disfrutar a disfrutar de toda su riqueza natural y paisaj\u00edstica, cultural, comercial, gastron\u00f3mica, hotelera y mucho m\u00e1s. Y te propone a ti, que nos visitas o vives en Viladecans, una <strong>gu\u00eda para promover buenas conductas y buenas pr\u00e1cticas<\/strong> para que tu experiencia genere bienestar, prosperidad y sostenibilidad en nuestra comunidad y en todo el territorio de Viladecans.<\/p>\n<p>No hace falta que te lo apuntes, \u00a1porque te lo dejamos aqu\u00ed![\/vc_column_text][vc_btn title=\u00bbDiez buenas pr\u00e1cticas sostenibles para los y las visitantes\u00bb style=\u00bbgradient-custom\u00bb gradient_custom_color_1=\u00bb#CEDAE0&#8243; gradient_custom_color_2=\u00bb#D8DFE2&#8243; gradient_text_color=\u00bb#414141&#8243; size=\u00bblg\u00bb align=\u00bbleft\u00bb i_icon_fontawesome=\u00bbfar fa-file-pdf\u00bb css_animation=\u00bbfadeIn\u00bb css=\u00bb\u00bb add_icon=\u00bbtrue\u00bb link=\u00bburl:https%3A%2F%2Freceviladecans.cat%2Fwp-content%2Fuploads%2F2025%2F02%2Fvisitants_cat_0.pdf|title:Diez%20buenas%20pr%C3%A1cticas%20sostenibles%20para%20los%20y%20las%20visitantes|target:_blank|\u00bb][\/vc_column][\/vc_row]<\/p>\n<\/div>","protected":false},"excerpt":{"rendered":"<p>[vc_row full_width=\u00bbstretch_row_content_no_spaces\u00bb content_placement=\u00bbmiddle\u00bb parallax=\u00bbcontent-moving\u00bb parallax_image=\u00bb168&#8243; css_animation=\u00bbfadeIn\u00bb el_id=\u00bbheader-title\u00bb css=\u00bb.vc_custom_1740569812421{margin-bottom: 4rem !important;}\u00bb][vc_column css=\u00bb.vc_custom_1738617474251{margin-top: 0px !important;margin-bottom: 0px !important;padding-top: 8rem !important;padding-bottom: 8rem !important;background-color: #D7D7D799 !important;}\u00bb][vc_custom_heading text=\u00bbInformaci\u00f3n pr\u00e1ctica de la ciudad\u00bb font_container=\u00bbtag:h1|text_align:center|color:%23616160&#8243; use_theme_fonts=\u00bbyes\u00bb css_animation=\u00bbnone\u00bb css=\u00bb.vc_custom_1738618905861{margin-bottom: 0px !important;}\u00bb][\/vc_column][\/vc_row][vc_row gap=\u00bb30&#8243; equal_height=\u00bbyes\u00bb content_placement=\u00bbmiddle\u00bb css_animation=\u00bbfadeIn\u00bb][vc_column css_animation=\u00bbfadeIn\u00bb width=\u00bb1\/2&#8243;][vc_custom_heading text=\u00bbTe esperamos en Viladecans\u00bb font_container=\u00bbtag:h2|text_align:left|color:%23CA4D5D\u00bb use_theme_fonts=\u00bbyes\u00bb css_animation=\u00bbfadeIn\u00bb css=\u00bb\u00bb][vc_column_text css=\u00bb.vc_custom_1738621096825{margin-bottom: 0px !important;}\u00bb] Viladecans forma parte del \u00c1rea Metropolitana&hellip;<\/p>\n","protected":false},"author":1,"featured_media":0,"parent":0,"menu_order":0,"comment_status":"closed","ping_status":"closed","template":"","meta":{"_acf_changed":false,"footnotes":""},"class_list":["post-372","page","type-page","status-publish","hentry"],"acf":[],"_links":{"self":[{"href":"https:\/\/receviladecans.cat\/es\/wp-json\/wp\/v2\/pages\/372","targetHints":{"allow":["GET"]}}],"collection":[{"href":"https:\/\/receviladecans.cat\/es\/wp-json\/wp\/v2\/pages"}],"about":[{"href":"https:\/\/receviladecans.cat\/es\/wp-json\/wp\/v2\/types\/page"}],"author":[{"embeddable":true,"href":"https:\/\/receviladecans.cat\/es\/wp-json\/wp\/v2\/users\/1"}],"replies":[{"embeddable":true,"href":"https:\/\/receviladecans.cat\/es\/wp-json\/wp\/v2\/comments?post=372"}],"version-history":[{"count":7,"href":"https:\/\/receviladecans.cat\/es\/wp-json\/wp\/v2\/pages\/372\/revisions"}],"predecessor-version":[{"id":760,"href":"https:\/\/receviladecans.cat\/es\/wp-json\/wp\/v2\/pages\/372\/revisions\/760"}],"wp:attachment":[{"href":"https:\/\/receviladecans.cat\/es\/wp-json\/wp\/v2\/media?parent=372"}],"curies":[{"name":"wp","href":"https:\/\/api.w.org\/{rel}","templated":true}]}}