{"id":395,"date":"2025-02-04T00:21:25","date_gmt":"2025-02-03T23:21:25","guid":{"rendered":"https:\/\/receviladecans.cat\/programa\/"},"modified":"2025-10-22T19:28:10","modified_gmt":"2025-10-22T17:28:10","slug":"programa","status":"publish","type":"page","link":"https:\/\/receviladecans.cat\/es\/programa\/","title":{"rendered":"Programa"},"content":{"rendered":"<div class=\"wpb-content-wrapper\"><p>[vc_row full_width=\u00bbstretch_row_content_no_spaces\u00bb content_placement=\u00bbmiddle\u00bb parallax=\u00bbcontent-moving\u00bb parallax_image=\u00bb168&#8243; css_animation=\u00bbfadeIn\u00bb el_id=\u00bbheader-title\u00bb css=\u00bb.vc_custom_1740610674305{margin-bottom: 4rem !important;}\u00bb][vc_column css=\u00bb.vc_custom_1738617474251{margin-top: 0px !important;margin-bottom: 0px !important;padding-top: 8rem !important;padding-bottom: 8rem !important;background-color: #D7D7D799 !important;}\u00bb][vc_custom_heading source=\u00bbpost_title\u00bb font_container=\u00bbtag:h1|text_align:center|color:%23616160&#8243; use_theme_fonts=\u00bbyes\u00bb css_animation=\u00bbnone\u00bb css=\u00bb.vc_custom_1738622140542{margin-bottom: 0px !important;}\u00bb][\/vc_column][\/vc_row][vc_row css_animation=\u00bbfadeIn\u00bb][vc_column width=\u00bb1\/6&#8243;][\/vc_column][vc_column width=\u00bb2\/3&#8243;][vc_cta h2=\u00bbYa puedes descargar el resumen de las ponencias del Encuentro\u00bb h2_font_container=\u00bbtag:h4|text_align:left\u00bb h2_use_theme_fonts=\u00bbyes\u00bb h4_font_container=\u00bbtag:h5|text_align:left|color:%23FFFFFF\u00bb h4_use_theme_fonts=\u00bbyes\u00bb style=\u00bbflat\u00bb color=\u00bborange\u00bb add_button=\u00bbright\u00bb btn_title=\u00bbVER RESUMEN\u00bb btn_color=\u00bbwhite\u00bb btn_align=\u00bbcenter\u00bb add_icon=\u00bbleft\u00bb i_type=\u00bbfontawesome\u00bb i_icon_fontawesome=\u00bbfa fa-regular fa-file-pdf\u00bb i_color=\u00bbwhite\u00bb css=\u00bb.vc_custom_1761153922373{padding-top: 18px !important;padding-bottom: 18px !important;padding-left: 18px !important;}\u00bb use_custom_fonts_h2=\u00bbtrue\u00bb use_custom_fonts_h4=\u00bbtrue\u00bb btn_link=\u00bburl:https%3A%2F%2Freceviladecans.cat%2Fwp-content%2Fuploads%2F2025%2F10%2FPonencias_Rece_voct2025.pdf|target:_blank|\u00bb el_id=\u00bbbidce\u00bb el_class=\u00bbhidden\u00bb][\/vc_cta][vc_tta_tabs style=\u00bbtheme-styled-minimal\u00bb alignment=\u00bbcenter\u00bb active_section=\u00bb1&#8243; css=\u00bb.vc_custom_1741612000053{margin-bottom: 3em !important;}\u00bb][vc_tta_section title=\u00bbMi\u00e9rcoles 1&#8243; tab_id=\u00bbdimecres\u00bb][vc_custom_heading text=\u00bbMi\u00e9rcoles, 1 de octubre\u00bb font_container=\u00bbtag:h2|text_align:left|color:%23CA4D5D\u00bb use_theme_fonts=\u00bbyes\u00bb css_animation=\u00bbfadeIn\u00bb css=\u00bb\u00bb][vc_custom_heading text=\u00bbAtrium Viladecans\u00bb font_container=\u00bbtag:h3|text_align:left|color:%23CEDBE0&#8243; use_theme_fonts=\u00bbyes\u00bb css_animation=\u00bbfadeIn\u00bb css=\u00bb.vc_custom_1741610720657{margin-bottom: 1em !important;}\u00bb][vc_row_inner content_placement=\u00bbtop\u00bb el_class=\u00bbprograma ponent\u00bb css=\u00bb.vc_custom_1758194202955{margin-bottom: 0px !important;background-color: #FBFBFB !important;}\u00bb][vc_column_inner width=\u00bb1\/4&#8243;][vc_column_text css=\u00bb\u00bb el_class=\u00bbhora\u00bb]Presenta la jornada[\/vc_column_text][\/vc_column_inner][vc_column_inner width=\u00bb1\/5&#8243; css=\u00bb.vc_custom_1747647255014{padding-top: 0px !important;}\u00bb][vc_single_image image=\u00bb873&#8243; img_size=\u00bb300&#215;300&#8243; css=\u00bb.vc_custom_1757508342531{margin-bottom: 0px !important;}\u00bb el_class=\u00bbimatge-text\u00bb][\/vc_column_inner][vc_column_inner width=\u00bb6\/12&#8243; css=\u00bb.vc_custom_1747647259836{padding-top: 0px !important;}\u00bb][vc_column_text css=\u00bb\u00bb el_class=\u00bbacte ponent-info\u00bb]<a href=\"https:\/\/receviladecans.cat\/es\/ponentes\/#clara-sanchez\" target=\"_blank\" rel=\"noopener\"><strong>Clara S\u00e1nchez-Castro Bonfill<\/strong><\/a><br \/>\n<em>Periodista, cantautora y profesora del grado de comunicaci\u00f3n de la UOC.<\/em>[\/vc_column_text][\/vc_column_inner][\/vc_row_inner][vc_row_inner content_placement=\u00bbmiddle\u00bb el_class=\u00bbprograma ponent\u00bb css=\u00bb.vc_custom_1747647166438{margin-top: 0px !important;margin-bottom: 0px !important;padding-top: 0px !important;padding-bottom: 0px !important;}\u00bb][vc_column_inner css=\u00bb.vc_custom_1747647173031{margin-top: 0px !important;margin-bottom: 0px !important;padding-top: 0px !important;padding-bottom: 0px !important;}\u00bb][\/vc_column_inner][\/vc_row_inner][vc_row_inner el_class=\u00bbprograma\u00bb css=\u00bb.vc_custom_1741610747450{margin-bottom: 0px !important;}\u00bb][vc_column_inner width=\u00bb1\/4&#8243;][vc_column_text css=\u00bb\u00bb el_class=\u00bbhora\u00bb]16 a 17 horas[\/vc_column_text][\/vc_column_inner][vc_column_inner width=\u00bb3\/4&#8243;][vc_column_text css=\u00bb\u00bb el_class=\u00bbacte\u00bb]Acogida y acreditaciones de los participantes[\/vc_column_text][\/vc_column_inner][\/vc_row_inner][vc_row_inner el_class=\u00bbprograma\u00bb css=\u00bb.vc_custom_1741610751443{margin-bottom: 0px !important;}\u00bb][vc_column_inner width=\u00bb1\/4&#8243;][vc_column_text css=\u00bb\u00bb el_class=\u00bbhora\u00bb]17 a 18.30 horas[\/vc_column_text][\/vc_column_inner][vc_column_inner width=\u00bb3\/4&#8243;][vc_column_text css=\u00bb\u00bb el_class=\u00bbacte\u00bb]<strong>Conferencia inaugural sobre el eje<\/strong> \u00bb <em>Liderazgo de las redes municipales para el abandono cero<\/em> \u00bb<\/p>\n<p><a href=\"https:\/\/receviladecans.cat\/es\/ponentes\/#abandonament-escolar\" target=\"_blank\" rel=\"noopener\"><strong><em>Comprender el abandono escolar, aportaciones desde la investigaci\u00f3n.<\/em><\/strong><\/a>[\/vc_column_text][\/vc_column_inner][\/vc_row_inner][vc_row_inner content_placement=\u00bbmiddle\u00bb el_class=\u00bbprograma ponent\u00bb css=\u00bb.vc_custom_1749038829892{margin-bottom: 0px !important;padding-top: 0px !important;padding-bottom: 30px !important;background-color: #FBFBFB !important;}\u00bb][vc_column_inner width=\u00bb1\/4&#8243;][\/vc_column_inner][vc_column_inner width=\u00bb1\/5&#8243; css=\u00bb.vc_custom_1747647255014{padding-top: 0px !important;}\u00bb][vc_single_image image=\u00bb481&#8243; img_size=\u00bb300&#215;300&#8243; css=\u00bb.vc_custom_1747647118622{margin-bottom: 0px !important;}\u00bb el_class=\u00bbimatge-text\u00bb][\/vc_column_inner][vc_column_inner width=\u00bb6\/12&#8243; css=\u00bb.vc_custom_1747647259836{padding-top: 0px !important;}\u00bb][vc_column_text css=\u00bb\u00bb el_class=\u00bbacte ponent-info\u00bb]<a href=\"https:\/\/receviladecans.cat\/es\/ponentes\/#aina-tarabini\" target=\"_blank\" rel=\"noopener\"><strong>Aina Tarabini<\/strong><\/a><br \/>\n<em>Profesora titular del Departament de Sociologia de la Universitat Aut\u00f2noma de Barcelona<\/em>[\/vc_column_text][\/vc_column_inner][\/vc_row_inner][vc_row_inner content_placement=\u00bbmiddle\u00bb el_class=\u00bbprograma ponent\u00bb css=\u00bb.vc_custom_1747647166438{margin-top: 0px !important;margin-bottom: 0px !important;padding-top: 0px !important;padding-bottom: 0px !important;}\u00bb][vc_column_inner css=\u00bb.vc_custom_1747647173031{margin-top: 0px !important;margin-bottom: 0px !important;padding-top: 0px !important;padding-bottom: 0px !important;}\u00bb][\/vc_column_inner][\/vc_row_inner][vc_row_inner el_class=\u00bbprograma\u00bb css=\u00bb.vc_custom_1741610755376{margin-bottom: 0px !important;}\u00bb][vc_column_inner width=\u00bb1\/4&#8243;][vc_column_text css=\u00bb\u00bb el_class=\u00bbhora\u00bb]18:30 a 19:30 horas[\/vc_column_text][\/vc_column_inner][vc_column_inner width=\u00bb3\/4&#8243;][vc_column_text css=\u00bb\u00bb el_class=\u00bbacte\u00bb]<strong>Inauguraci\u00f3n del 17\u00ba Encuentro RECE<\/strong>[\/vc_column_text][\/vc_column_inner][\/vc_row_inner][vc_row_inner el_class=\u00bbprograma\u00bb css=\u00bb.vc_custom_1741610760043{margin-bottom: 0px !important;}\u00bb][vc_column_inner width=\u00bb1\/4&#8243;][vc_column_text css=\u00bb\u00bb el_class=\u00bbhora\u00bb]19.30 a 20 horas[\/vc_column_text][\/vc_column_inner][vc_column_inner width=\u00bb3\/4&#8243;][vc_column_text css=\u00bb\u00bb el_class=\u00bbacte\u00bb]<b>Actividad de muestra de cultura popular de Viladecans<\/b>[\/vc_column_text][\/vc_column_inner][\/vc_row_inner][vc_row_inner el_class=\u00bbprograma\u00bb css=\u00bb.vc_custom_1741610766361{margin-bottom: 0px !important;}\u00bb][vc_column_inner width=\u00bb1\/4&#8243;][vc_column_text css=\u00bb\u00bb el_class=\u00bbhora\u00bb]20 horas[\/vc_column_text][\/vc_column_inner][vc_column_inner width=\u00bb3\/4&#8243;][vc_column_text css=\u00bb\u00bb el_class=\u00bbacte\u00bb]<strong>Cena<\/strong><\/p>\n<p><em>Con la actuaci\u00f3n del grupo local <strong>VOICE HOME<\/strong>, versiones ac\u00fasticas de temas conocidos de las \u00faltimes d\u00e8cades con un punto muy personal.<\/em>[\/vc_column_text][\/vc_column_inner][\/vc_row_inner][\/vc_tta_section][vc_tta_section title=\u00bbJueves 2&#8243; tab_id=\u00bbdijous\u00bb][vc_custom_heading text=\u00bbJueves, 2 de octubre\u00bb font_container=\u00bbtag:h2|text_align:left|color:%23CA4D5D\u00bb use_theme_fonts=\u00bbyes\u00bb css_animation=\u00bbfadeIn\u00bb css=\u00bb\u00bb][vc_custom_heading text=\u00bbAtrium Viladecans\u00bb font_container=\u00bbtag:h3|text_align:left|color:%23CEDBE0&#8243; use_theme_fonts=\u00bbyes\u00bb css_animation=\u00bbfadeIn\u00bb css=\u00bb.vc_custom_1741610720657{margin-bottom: 1em !important;}\u00bb][vc_row_inner el_class=\u00bbprograma\u00bb css=\u00bb.vc_custom_1741610747450{margin-bottom: 0px !important;}\u00bb][vc_column_inner width=\u00bb1\/4&#8243;][vc_column_text css=\u00bb\u00bb el_class=\u00bbhora\u00bb]8.30 a 9 horas[\/vc_column_text][\/vc_column_inner][vc_column_inner width=\u00bb3\/4&#8243;][vc_column_text css=\u00bb\u00bb el_class=\u00bbacte\u00bb]Acogida y acreditaci\u00f3n de los participantes[\/vc_column_text][\/vc_column_inner][\/vc_row_inner][vc_row_inner el_class=\u00bbprograma\u00bb css=\u00bb.vc_custom_1741610751443{margin-bottom: 0px !important;}\u00bb][vc_column_inner width=\u00bb1\/4&#8243;][vc_column_text css=\u00bb\u00bb el_class=\u00bbhora\u00bb]9 a 10 horas[\/vc_column_text][\/vc_column_inner][vc_column_inner width=\u00bb3\/4&#8243;][vc_column_text css=\u00bb\u00bb el_class=\u00bbacte\u00bb]<b>Conferencia sobre el eje <\/b>\u201c<em>Educaci\u00f3n disruptiva para el abandono cero<\/em>\u201d<\/p>\n<p><a href=\"https:\/\/receviladecans.cat\/es\/ponentes\/#escola-infant\" target=\"_blank\" rel=\"noopener\"><strong><em>La escuela que deja perder un ni\u00f1o no es digna de denominarse escuela<\/em><\/strong><\/a>[\/vc_column_text][\/vc_column_inner][\/vc_row_inner][vc_row_inner content_placement=\u00bbmiddle\u00bb el_class=\u00bbprograma ponent\u00bb css=\u00bb.vc_custom_1747648425491{margin-bottom: 0px !important;padding-top: 0px !important;padding-bottom: 30px !important;background-color: #FBFBFB !important;}\u00bb][vc_column_inner width=\u00bb1\/4&#8243;][\/vc_column_inner][vc_column_inner width=\u00bb1\/5&#8243; css=\u00bb.vc_custom_1747647255014{padding-top: 0px !important;}\u00bb][vc_single_image image=\u00bb614&#8243; img_size=\u00bb300&#215;300&#8243; css=\u00bb.vc_custom_1749814111892{margin-bottom: 0px !important;}\u00bb el_class=\u00bbimatge-text\u00bb][\/vc_column_inner][vc_column_inner width=\u00bb6\/12&#8243; css=\u00bb.vc_custom_1747647259836{padding-top: 0px !important;}\u00bb][vc_column_text css=\u00bb\u00bb el_class=\u00bbacte ponent-info\u00bb]<a href=\"https:\/\/receviladecans.cat\/es\/ponentes\/#eduard-vallory\" target=\"_blank\" rel=\"noopener\"><strong>Dr. Eduard Vallory<\/strong><\/a><br \/>\n<em>Director del BIST (Barcelona Institute of Science and Technology) y presidente de CATESCO \u2013antiguo Centro UNESCO de Catalu\u00f1a<\/em>[\/vc_column_text][\/vc_column_inner][\/vc_row_inner][vc_row_inner content_placement=\u00bbmiddle\u00bb el_class=\u00bbprograma ponent\u00bb css=\u00bb.vc_custom_1747647166438{margin-top: 0px !important;margin-bottom: 0px !important;padding-top: 0px !important;padding-bottom: 0px !important;}\u00bb][vc_column_inner css=\u00bb.vc_custom_1747647173031{margin-top: 0px !important;margin-bottom: 0px !important;padding-top: 0px !important;padding-bottom: 0px !important;}\u00bb][\/vc_column_inner][\/vc_row_inner][vc_row_inner el_class=\u00bbprograma\u00bb css=\u00bb.vc_custom_1741610755376{margin-bottom: 0px !important;}\u00bb][vc_column_inner width=\u00bb1\/4&#8243;][vc_column_text css=\u00bb\u00bb el_class=\u00bbhora\u00bb]10 a 11 horas[\/vc_column_text][\/vc_column_inner][vc_column_inner width=\u00bb3\/4&#8243;][vc_column_text css=\u00bb\u00bb el_class=\u00bbacte\u00bb]<\/p>\n<p class=\"p1\"><b><a href=\"https:\/\/receviladecans.cat\/es\/rutas-inspiradoras-2\/\" target=\"_blank\" rel=\"noopener\">Presentaciones Orales en formato Panel<\/a><\/b><\/p>\n<ul>\n<li>Eje 1: Educaci\u00f3n disruptiva para el abandono cero<\/li>\n<li>Eje 2: Liderazgo de las redes municipales para el abandono cero<\/li>\n<li>Eje 3: Evaluaci\u00f3n 360\u00ba para el abandono cero<\/li>\n<li>Eje 4: Hubs educativos del futuro para el abandono cero<\/li>\n<\/ul>\n<p>[\/vc_column_text][\/vc_column_inner][\/vc_row_inner][vc_row_inner el_class=\u00bbprograma\u00bb css=\u00bb.vc_custom_1741610760043{margin-bottom: 0px !important;}\u00bb][vc_column_inner width=\u00bb1\/4&#8243;][vc_column_text css=\u00bb\u00bb el_class=\u00bbhora\u00bb]11 a 11.30 horas[\/vc_column_text][\/vc_column_inner][vc_column_inner width=\u00bb3\/4&#8243;][vc_column_text css=\u00bb\u00bb el_class=\u00bbacte\u00bb]Pausa-caf\u00e9[\/vc_column_text][\/vc_column_inner][\/vc_row_inner][vc_row_inner el_class=\u00bbprograma\u00bb css=\u00bb.vc_custom_1741610766361{margin-bottom: 0px !important;}\u00bb][vc_column_inner width=\u00bb1\/4&#8243;][vc_column_text css=\u00bb\u00bb el_class=\u00bbhora\u00bb]11.30 a 13 horas[\/vc_column_text][\/vc_column_inner][vc_column_inner width=\u00bb3\/4&#8243;][vc_column_text css=\u00bb\u00bb el_class=\u00bbacte\u00bb]<strong>Taller pr\u00e1ctico de las Redes Tem\u00e1ticas<\/strong><\/p>\n<ul>\n<li><strong>Red Tem\u00e1tica liderada por M\u00e1laga y Sevilla:<\/strong> \u00bb <em>La inclusi\u00f3n, pilar de la ciudad educadora<\/em> \u00ab<\/li>\n<li><strong>Red Tem\u00e1tica liderada por Granollers:<\/strong> \u201c<em>Educaci\u00f3n y cultura. Estrategias para la construcci\u00f3n de una ciudad inclusiva\/comunidad para el desarrollo de una ciudadan\u00eda cr\u00edtica y creativa <\/em>\u201d<\/li>\n<li><strong>Red Tem\u00e1tica liderada por Rivas Vaciamadrid:<\/strong> \u201c <em>Ni\u00f1as, ni\u00f1os y adolescentes: transformando su ciudad<\/em> \u201d<\/li>\n<\/ul>\n<p>[\/vc_column_text][\/vc_column_inner][\/vc_row_inner][vc_row_inner el_class=\u00bbprograma\u00bb css=\u00bb.vc_custom_1741610766361{margin-bottom: 0px !important;}\u00bb][vc_column_inner width=\u00bb1\/4&#8243;][vc_column_text css=\u00bb\u00bb el_class=\u00bbhora\u00bb]13 a 14 horas[\/vc_column_text][\/vc_column_inner][vc_column_inner width=\u00bb3\/4&#8243;][vc_column_text css=\u00bb\u00bb el_class=\u00bbacte\u00bb]<\/p>\n<p class=\"p1\"><b><a href=\"https:\/\/receviladecans.cat\/es\/rutas-inspiradoras-3\/\" target=\"_blank\" rel=\"noopener\">Presentaci\u00f3n de posters<\/a><\/b><\/p>\n<p class=\"p1\"><em>16 experiencias en formato p\u00f3ster<\/em><\/p>\n<p>[\/vc_column_text][vc_column_text css=\u00bb.vc_custom_1752840101792{margin-top: 35px !important;}\u00bb el_class=\u00bbacte\u00bb]<\/p>\n<p class=\"p1\"><b><a href=\"https:\/\/receviladecans.cat\/es\/rutas-inspiradoras-3\/#espai-orientacio\" target=\"_blank\" rel=\"noopener\">Espacio Orientaci\u00f3n Educativa<\/a><\/b><\/p>\n<p>[\/vc_column_text][\/vc_column_inner][\/vc_row_inner][vc_row_inner el_class=\u00bbprograma\u00bb css=\u00bb.vc_custom_1741610766361{margin-bottom: 0px !important;}\u00bb][vc_column_inner width=\u00bb1\/4&#8243;][vc_column_text css=\u00bb\u00bb el_class=\u00bbhora\u00bb]14 a 15.30 horas[\/vc_column_text][\/vc_column_inner][vc_column_inner width=\u00bb3\/4&#8243;][vc_column_text css=\u00bb\u00bb el_class=\u00bbacte\u00bb]Almuerzo[\/vc_column_text][\/vc_column_inner][\/vc_row_inner][vc_row_inner el_class=\u00bbprograma\u00bb css=\u00bb.vc_custom_1741610766361{margin-bottom: 0px !important;}\u00bb][vc_column_inner width=\u00bb1\/4&#8243;][vc_column_text css=\u00bb\u00bb el_class=\u00bbhora\u00bb]15:30 a 16:30 horas[\/vc_column_text][\/vc_column_inner][vc_column_inner width=\u00bb3\/4&#8243;][vc_column_text css=\u00bb\u00bb el_class=\u00bbacte\u00bb]<strong>Confer\u00e8ncia sobre el eje<\/strong> \u201c<em>Hubs educativos del futuro para el abandono cero<\/em>\u201d<\/p>\n<p><a href=\"https:\/\/receviladecans.cat\/es\/ponentes\/#transformar-espai-educatiu\" target=\"_blank\" rel=\"noopener\"><strong><em>Transformar el espacio educativo para mejorar el bienestar y el aprendizaje.<\/em><\/strong><\/a>[\/vc_column_text][\/vc_column_inner][\/vc_row_inner][vc_row_inner content_placement=\u00bbmiddle\u00bb el_class=\u00bbprograma ponent\u00bb css=\u00bb.vc_custom_1747648407676{margin-bottom: 0px !important;padding-top: 0px !important;padding-bottom: 30px !important;background-color: #FBFBFB !important;}\u00bb][vc_column_inner width=\u00bb1\/4&#8243;][\/vc_column_inner][vc_column_inner width=\u00bb1\/5&#8243; css=\u00bb.vc_custom_1747647255014{padding-top: 0px !important;}\u00bb][vc_single_image image=\u00bb486&#8243; img_size=\u00bb300&#215;300&#8243; css=\u00bb.vc_custom_1747647470169{margin-bottom: 0px !important;}\u00bb el_class=\u00bbimatge-text\u00bb][\/vc_column_inner][vc_column_inner width=\u00bb6\/12&#8243; css=\u00bb.vc_custom_1747647259836{padding-top: 0px !important;}\u00bb][vc_column_text css=\u00bb\u00bb el_class=\u00bbacte ponent-info\u00bb]<a href=\"https:\/\/receviladecans.cat\/es\/ponentes\/#guillermo-bautista\" target=\"_blank\" rel=\"noopener\"><strong>Guillermo Bautista<\/strong><\/a><br \/>\n<em>Doctor en Pedagog\u00eda. Profesor e investigador de la Facultad de Psicolog\u00eda y Ciencias de la Educaci\u00f3n de la Universitat Oberta de Catalunya-UOC<\/em>[\/vc_column_text][\/vc_column_inner][\/vc_row_inner][vc_row_inner content_placement=\u00bbmiddle\u00bb el_class=\u00bbprograma ponent\u00bb css=\u00bb.vc_custom_1747647166438{margin-top: 0px !important;margin-bottom: 0px !important;padding-top: 0px !important;padding-bottom: 0px !important;}\u00bb][vc_column_inner css=\u00bb.vc_custom_1747647173031{margin-top: 0px !important;margin-bottom: 0px !important;padding-top: 0px !important;padding-bottom: 0px !important;}\u00bb][\/vc_column_inner][\/vc_row_inner][vc_row_inner el_class=\u00bbprograma\u00bb css=\u00bb.vc_custom_1741610766361{margin-bottom: 0px !important;}\u00bb][vc_column_inner width=\u00bb1\/4&#8243;][vc_column_text css=\u00bb\u00bb el_class=\u00bbhora\u00bb]16.30 a 18 horas[\/vc_column_text][\/vc_column_inner][vc_column_inner width=\u00bb3\/4&#8243;][vc_column_text css=\u00bb\u00bb el_class=\u00bbacte\u00bb]<\/p>\n<p class=\"p1\"><b><a href=\"https:\/\/receviladecans.cat\/es\/rutas-inspiradoras-4\/\" target=\"_blank\" rel=\"noopener\">Presentaciones Orales en formato Panel + \u00c1gora de experiencias (C\u00f3rner)<\/a><\/b><\/p>\n<p>[\/vc_column_text][\/vc_column_inner][\/vc_row_inner][vc_row_inner el_class=\u00bbprograma\u00bb css=\u00bb.vc_custom_1741610766361{margin-bottom: 0px !important;}\u00bb][vc_column_inner width=\u00bb1\/4&#8243;][vc_column_text css=\u00bb\u00bb el_class=\u00bbhora\u00bb]18 a 20.30 horas[\/vc_column_text][\/vc_column_inner][vc_column_inner width=\u00bb3\/4&#8243;][vc_column_text css=\u00bb\u00bb el_class=\u00bbacte\u00bb]<strong>Rutas inspiradoras por Viladecans<\/strong><br \/>\n<a href=\"https:\/\/receviladecans.cat\/es\/rutas-inspiradoras\/\" target=\"_blank\" rel=\"noopener\"><i>Haz clic aqu\u00ed para saber m\u00e1s de las Rutas Inspiradoras por Viladecans<\/i><\/a>[\/vc_column_text][\/vc_column_inner][\/vc_row_inner][vc_row_inner el_class=\u00bbprograma\u00bb css=\u00bb.vc_custom_1741610766361{margin-bottom: 0px !important;}\u00bb][vc_column_inner width=\u00bb1\/4&#8243;][vc_column_text css=\u00bb\u00bb el_class=\u00bbhora\u00bb]20.30 horas[\/vc_column_text][\/vc_column_inner][vc_column_inner width=\u00bb3\/4&#8243;][vc_column_text css=\u00bb\u00bb el_class=\u00bbacte\u00bb]<strong>Cena<\/strong><\/p>\n<p><em>Con la actuaci\u00f3n del grupo local <strong>CARAOQU\u00c8<\/strong>, si no cantas t\u00fa, cantamos nosotros! Un repertorio de cl\u00e1sicos del pop rock espa\u00f1ol en el que se invita a la gente a cantar con la banda, a modo de karaoke en vivo.<\/em>[\/vc_column_text][\/vc_column_inner][\/vc_row_inner][\/vc_tta_section][vc_tta_section title=\u00bbViernes 3&#8243; tab_id=\u00bbdivendres\u00bb][vc_custom_heading text=\u00bbViernes, 3 de octubre\u00bb font_container=\u00bbtag:h2|text_align:left|color:%23CA4D5D\u00bb use_theme_fonts=\u00bbyes\u00bb css_animation=\u00bbfadeIn\u00bb css=\u00bb\u00bb][vc_custom_heading text=\u00bbAtrium Viladecans\u00bb font_container=\u00bbtag:h3|text_align:left|color:%23CEDBE0&#8243; use_theme_fonts=\u00bbyes\u00bb css_animation=\u00bbfadeIn\u00bb css=\u00bb.vc_custom_1741610720657{margin-bottom: 1em !important;}\u00bb][vc_row_inner el_class=\u00bbprograma\u00bb css=\u00bb.vc_custom_1741610747450{margin-bottom: 0px !important;}\u00bb][vc_column_inner width=\u00bb1\/4&#8243;][vc_column_text css=\u00bb\u00bb el_class=\u00bbhora\u00bb]8.30 a 9 horas[\/vc_column_text][\/vc_column_inner][vc_column_inner width=\u00bb3\/4&#8243;][vc_column_text css=\u00bb\u00bb el_class=\u00bbacte\u00bb]Acogida[\/vc_column_text][\/vc_column_inner][\/vc_row_inner][vc_row_inner content_placement=\u00bbtop\u00bb el_class=\u00bbprograma\u00bb css=\u00bb.vc_custom_1758195799800{margin-bottom: 0px !important;}\u00bb][vc_column_inner width=\u00bb1\/4&#8243;][vc_column_text css=\u00bb\u00bb el_class=\u00bbhora\u00bb]<\/p>\n<p class=\"p2\">9 a 10.15 horas<\/p>\n<p>[\/vc_column_text][\/vc_column_inner][vc_column_inner width=\u00bb3\/4&#8243;][vc_column_text css=\u00bb\u00bb el_class=\u00bbacte\u00bb]<b>Mesa redonda sobre el eje <\/b>\u201c<em>Evaluaci\u00f3n 360\u00ba para el abandono cero<\/em>\u201d<\/p>\n<p><a href=\"https:\/\/receviladecans.cat\/es\/ponentes\/#repte-educatiu\"><strong><em>Del reto educativo al compromiso social. Estrategias para orientar hacia el abandono cero.<\/em><\/strong><\/a><\/p>\n<p>Participa:<\/p>\n<ul>\n<li class=\"m_-6933181074560305637MsoListParagraph\"><strong>Marta Cid<\/strong>. Presidenta Asociaci\u00f3n Espa\u00f1ola de Escuelas de Segunda Oportunidad Espa\u00f1a (E2O).<u><\/u><u><\/u><\/li>\n<li class=\"m_-6933181074560305637MsoListParagraph\"><strong>Maria Vilas<\/strong>. PhD candidate, especialista en los condicionantes asociados a las brechas socioeducativas. Autora de la tesis: El capital social como determinante del rendimiento acad\u00e9mico de los adolescentes: nuevas perspectivas para abordar el fracaso escolar en entornos de alta vulnerabilidad.<\/li>\n<\/ul>\n<p>Modera:[\/vc_column_text][\/vc_column_inner][\/vc_row_inner][vc_row_inner content_placement=\u00bbmiddle\u00bb el_class=\u00bbprograma ponent\u00bb css=\u00bb.vc_custom_1747648425491{margin-bottom: 0px !important;padding-top: 0px !important;padding-bottom: 30px !important;background-color: #FBFBFB !important;}\u00bb][vc_column_inner width=\u00bb1\/4&#8243;][\/vc_column_inner][vc_column_inner width=\u00bb1\/5&#8243; css=\u00bb.vc_custom_1747647255014{padding-top: 0px !important;}\u00bb][vc_single_image image=\u00bb496&#8243; img_size=\u00bb300&#215;300&#8243; css=\u00bb.vc_custom_1747648318416{margin-bottom: 0px !important;}\u00bb el_class=\u00bbimatge-text\u00bb][\/vc_column_inner][vc_column_inner width=\u00bb6\/12&#8243; css=\u00bb.vc_custom_1747647259836{padding-top: 0px !important;}\u00bb][vc_column_text css=\u00bb\u00bb el_class=\u00bbacte ponent-info\u00bb]<a href=\"https:\/\/receviladecans.cat\/es\/ponentes\/#hungria-panadero\" target=\"_blank\" rel=\"noopener\"><strong>Hungria Panadero<\/strong><\/a><br \/>\n<em>Directora de la Fundaci\u00f3n Ferrer i Gu\u00e0rdia. Licenciada en Sociolog\u00eda y Ciencias del Trabajo. Especialista en planificaci\u00f3n estrat\u00e9gica y educaci\u00f3n con m\u00e1s de veinte a\u00f1os de experiencia<\/em>[\/vc_column_text][\/vc_column_inner][\/vc_row_inner][vc_row_inner content_placement=\u00bbmiddle\u00bb el_class=\u00bbprograma ponent\u00bb css=\u00bb.vc_custom_1747647166438{margin-top: 0px !important;margin-bottom: 0px !important;padding-top: 0px !important;padding-bottom: 0px !important;}\u00bb][vc_column_inner css=\u00bb.vc_custom_1747647173031{margin-top: 0px !important;margin-bottom: 0px !important;padding-top: 0px !important;padding-bottom: 0px !important;}\u00bb][\/vc_column_inner][\/vc_row_inner][vc_row_inner el_class=\u00bbprograma\u00bb css=\u00bb.vc_custom_1741610755376{margin-bottom: 0px !important;}\u00bb][vc_column_inner width=\u00bb1\/4&#8243;][vc_column_text css=\u00bb\u00bb el_class=\u00bbhora\u00bb]10.15 a 11.15 horas[\/vc_column_text][\/vc_column_inner][vc_column_inner width=\u00bb3\/4&#8243;][vc_column_text css=\u00bb\u00bb el_class=\u00bbacte\u00bb]<b><a href=\"https:\/\/receviladecans.cat\/es\/rutas-inspiradoras-5\/\" target=\"_blank\" rel=\"noopener\">Presentaciones Orales en formato Panel + \u00c1gora de experiencias (C\u00f3rner)<\/a><\/b>[\/vc_column_text][\/vc_column_inner][\/vc_row_inner][vc_row_inner el_class=\u00bbprograma\u00bb css=\u00bb.vc_custom_1741610760043{margin-bottom: 0px !important;}\u00bb][vc_column_inner width=\u00bb1\/4&#8243;][vc_column_text css=\u00bb\u00bb el_class=\u00bbhora\u00bb]11.15 a 11.45 horas[\/vc_column_text][\/vc_column_inner][vc_column_inner width=\u00bb3\/4&#8243;][vc_column_text css=\u00bb\u00bb el_class=\u00bbacte\u00bb]Pausa-caf\u00e9[\/vc_column_text][\/vc_column_inner][\/vc_row_inner][vc_row_inner el_class=\u00bbprograma\u00bb css=\u00bb.vc_custom_1741610766361{margin-bottom: 0px !important;}\u00bb][vc_column_inner width=\u00bb1\/4&#8243;][vc_column_text css=\u00bb\u00bb el_class=\u00bbhora\u00bb]11.45 a 12.45 horas[\/vc_column_text][\/vc_column_inner][vc_column_inner width=\u00bb3\/4&#8243;][vc_column_text css=\u00bb\u00bb el_class=\u00bbacte\u00bb]<strong>Mesa redonda de autoridades locales<\/strong><\/p>\n<ul>\n<li><strong>Irene Reus Cazorla<\/strong>, Teniente de alcaldesa, presidenta del \u00c1mbito de Sostenibilidad Social y Servicios a la Ciudadan\u00eda, Concejala de Educaci\u00f3n de Viladecans<\/li>\n<li><strong>Mariv\u00ed Monteser\u00edn Rodr\u00edguez<\/strong>, alcaldesa de Avil\u00e9s<\/li>\n<li><strong>Mar\u00eda de la Paz Flores Delgado<\/strong>, concejala del \u00c1rea de Educaci\u00f3n y Fomento del Empleo, y Presidenta de la Junta de Distrito n\u00ba 4, Bail\u00e9n Miraflores, de M\u00e1laga<\/li>\n<\/ul>\n<p>[\/vc_column_text][\/vc_column_inner][\/vc_row_inner][vc_row_inner el_class=\u00bbprograma\u00bb css=\u00bb.vc_custom_1741610766361{margin-bottom: 0px !important;}\u00bb][vc_column_inner width=\u00bb1\/4&#8243;][vc_column_text css=\u00bb\u00bb el_class=\u00bbhora\u00bb]12.45 a 14.30 horas[\/vc_column_text][\/vc_column_inner][vc_column_inner width=\u00bb3\/4&#8243;][vc_column_text css=\u00bb\u00bb el_class=\u00bbacte\u00bb]<strong>Asamblea General de la RECE<\/strong>[\/vc_column_text][vc_column_text css=\u00bb\u00bb el_class=\u00bbacte\u00bb]<strong>Clausura del 17\u00ba Encuentro RECE<\/strong>[\/vc_column_text][\/vc_column_inner][\/vc_row_inner][vc_row_inner el_class=\u00bbprograma\u00bb css=\u00bb.vc_custom_1741610766361{margin-bottom: 0px !important;}\u00bb][vc_column_inner width=\u00bb1\/4&#8243;][vc_column_text css=\u00bb\u00bb el_class=\u00bbhora\u00bb]14.30 horas[\/vc_column_text][\/vc_column_inner][vc_column_inner width=\u00bb3\/4&#8243;][vc_column_text css=\u00bb\u00bb el_class=\u00bbacte\u00bb]Almuerzo[\/vc_column_text][\/vc_column_inner][\/vc_row_inner][\/vc_tta_section][\/vc_tta_tabs][\/vc_column][vc_column width=\u00bb1\/6&#8243;][\/vc_column][\/vc_row]<\/p>\n<\/div>","protected":false},"excerpt":{"rendered":"<p>[vc_row full_width=\u00bbstretch_row_content_no_spaces\u00bb content_placement=\u00bbmiddle\u00bb parallax=\u00bbcontent-moving\u00bb parallax_image=\u00bb168&#8243; css_animation=\u00bbfadeIn\u00bb el_id=\u00bbheader-title\u00bb css=\u00bb.vc_custom_1740610674305{margin-bottom: 4rem !important;}\u00bb][vc_column css=\u00bb.vc_custom_1738617474251{margin-top: 0px !important;margin-bottom: 0px !important;padding-top: 8rem !important;padding-bottom: 8rem !important;background-color: #D7D7D799 !important;}\u00bb][vc_custom_heading source=\u00bbpost_title\u00bb font_container=\u00bbtag:h1|text_align:center|color:%23616160&#8243; use_theme_fonts=\u00bbyes\u00bb css_animation=\u00bbnone\u00bb css=\u00bb.vc_custom_1738622140542{margin-bottom: 0px !important;}\u00bb][\/vc_column][\/vc_row][vc_row css_animation=\u00bbfadeIn\u00bb][vc_column width=\u00bb1\/6&#8243;][\/vc_column][vc_column width=\u00bb2\/3&#8243;][vc_cta h2=\u00bbYa puedes descargar el resumen de las ponencias del Encuentro\u00bb h2_font_container=\u00bbtag:h4|text_align:left\u00bb h2_use_theme_fonts=\u00bbyes\u00bb h4_font_container=\u00bbtag:h5|text_align:left|color:%23FFFFFF\u00bb h4_use_theme_fonts=\u00bbyes\u00bb style=\u00bbflat\u00bb color=\u00bborange\u00bb add_button=\u00bbright\u00bb btn_title=\u00bbVER RESUMEN\u00bb btn_color=\u00bbwhite\u00bb btn_align=\u00bbcenter\u00bb add_icon=\u00bbleft\u00bb i_type=\u00bbfontawesome\u00bb i_icon_fontawesome=\u00bbfa&hellip;<\/p>\n","protected":false},"author":1,"featured_media":0,"parent":0,"menu_order":0,"comment_status":"closed","ping_status":"closed","template":"","meta":{"_acf_changed":false,"footnotes":""},"class_list":["post-395","page","type-page","status-publish","hentry"],"acf":[],"_links":{"self":[{"href":"https:\/\/receviladecans.cat\/es\/wp-json\/wp\/v2\/pages\/395","targetHints":{"allow":["GET"]}}],"collection":[{"href":"https:\/\/receviladecans.cat\/es\/wp-json\/wp\/v2\/pages"}],"about":[{"href":"https:\/\/receviladecans.cat\/es\/wp-json\/wp\/v2\/types\/page"}],"author":[{"embeddable":true,"href":"https:\/\/receviladecans.cat\/es\/wp-json\/wp\/v2\/users\/1"}],"replies":[{"embeddable":true,"href":"https:\/\/receviladecans.cat\/es\/wp-json\/wp\/v2\/comments?post=395"}],"version-history":[{"count":78,"href":"https:\/\/receviladecans.cat\/es\/wp-json\/wp\/v2\/pages\/395\/revisions"}],"predecessor-version":[{"id":1613,"href":"https:\/\/receviladecans.cat\/es\/wp-json\/wp\/v2\/pages\/395\/revisions\/1613"}],"wp:attachment":[{"href":"https:\/\/receviladecans.cat\/es\/wp-json\/wp\/v2\/media?parent=395"}],"curies":[{"name":"wp","href":"https:\/\/api.w.org\/{rel}","templated":true}]}}