{"id":659,"date":"2025-07-16T12:46:19","date_gmt":"2025-07-16T10:46:19","guid":{"rendered":"https:\/\/receviladecans.cat\/?page_id=659"},"modified":"2025-09-16T11:55:22","modified_gmt":"2025-09-16T09:55:22","slug":"rutas-inspiradoras-4","status":"publish","type":"page","link":"https:\/\/receviladecans.cat\/es\/rutas-inspiradoras-4\/","title":{"rendered":"Jueves 2 &#8211; 16:30h. Presentaciones Orales en formato Panel + \u00c1gora de experiencias (C\u00f3rner)"},"content":{"rendered":"<div class=\"wpb-content-wrapper\"><p>[vc_row full_width=\u00bbstretch_row_content_no_spaces\u00bb content_placement=\u00bbmiddle\u00bb parallax=\u00bbcontent-moving\u00bb parallax_image=\u00bb168&#8243; css_animation=\u00bbfadeIn\u00bb el_id=\u00bbheader-title\u00bb css=\u00bb.vc_custom_1740610674305{margin-bottom: 4rem !important;}\u00bb][vc_column css=\u00bb.vc_custom_1738617474251{margin-top: 0px !important;margin-bottom: 0px !important;padding-top: 8rem !important;padding-bottom: 8rem !important;background-color: #D7D7D799 !important;}\u00bb][vc_custom_heading source=\u00bbpost_title\u00bb font_container=\u00bbtag:h1|text_align:center|color:%23616160&#8243; use_theme_fonts=\u00bbyes\u00bb css_animation=\u00bbnone\u00bb css=\u00bb.vc_custom_1738622140542{margin-bottom: 0px !important;}\u00bb][\/vc_column][\/vc_row][vc_row css_animation=\u00bbfadeIn\u00bb el_class=\u00bbdetall-experiencies\u00bb][vc_column][vc_custom_heading text=\u00bbPresentaciones Orales en formato panel \u2013 Tem\u00e1tica: propuestas fuera escuela\u00bb font_container=\u00bbtag:h2|text_align:left|color:%23616160&#8243; use_theme_fonts=\u00bbyes\u00bb css_animation=\u00bbnone\u00bb css=\u00bb.vc_custom_1753276976039{margin-bottom: 0px !important;}\u00bb][vc_custom_heading text=\u00bbSala grande de Atrium Viladecans\u00bb font_container=\u00bbtag:h3|text_align:left|color:%23939392&#8243; use_theme_fonts=\u00bbyes\u00bb css_animation=\u00bbnone\u00bb css=\u00bb\u00bb][vc_custom_heading text=\u00bbDinamizada por: Mar\u00eda Tru\u00f1\u00f3, Directora de la Alian\u00e7a Educaci\u00f3 360&#8243; font_container=\u00bbtag:h5|text_align:left|color:%23939392&#8243; use_theme_fonts=\u00bbyes\u00bb css_animation=\u00bbnone\u00bb css=\u00bb.vc_custom_1752573529329{margin-bottom: 2em !important;}\u00bb][vc_tta_accordion section_title_tag=\u00bbh6&#8243; c_icon=\u00bbchevron\u00bb c_position=\u00bbright\u00bb active_section=\u00bb999&#8243; collapsible_all=\u00bbtrue\u00bb css=\u00bb.vc_custom_1752502786690{margin-bottom: 70px !important;}\u00bb][vc_tta_section title=\u00bb&apos;EXTRA! EXTRA!&apos; de Barcelona\u00bb tab_id=\u00bbextra\u00bb][vc_row_inner content_placement=\u00bbmiddle\u00bb][vc_column_inner][vc_column_text css=\u00bb\u00bb]<\/p>\n<p data-start=\"40\" data-end=\"803\"><strong>A cargo de:<\/strong> Fina Pidelaserra, coordinadora del \u00e1mbito social del Pla de Barris.<\/p>\n<p data-start=\"40\" data-end=\"803\">El programa \u2018\u00a1EXTRA! \u00a1EXTRA!\u2019 ofrece actividades gratuitas art\u00edsticas, culturales, cient\u00edficas y tecnol\u00f3gicas para ni\u00f1os y adolescentes de 6 a 14 a\u00f1os, fuera del horario lectivo. Se lleva a cabo en centros educativos y equipamientos municipales de barrios de Barcelona con menor oferta extraescolar, detectados a trav\u00e9s de un diagn\u00f3stico previo. La iniciativa forma parte del \u2018Pla de Barris\u2019, impulsado por el Ayuntamiento para reducir desigualdades sociales y educativas. Las actividades se organizan de octubre a mayo, con grupos reducidos, y se dise\u00f1an en coordinaci\u00f3n con centros educativos, familias y agentes del entorno. Se busca generar itinerarios de continuidad en el aprendizaje, fomentar la participaci\u00f3n comunitaria y garantizar el acceso equitativo a una educaci\u00f3n cultural y cient\u00edfica de calidad.<\/p>\n<p>[\/vc_column_text][\/vc_column_inner][\/vc_row_inner][\/vc_tta_section][vc_tta_section title=\u00bbIntergeneracional: apoyo escolar en Bizan San Mart\u00edn y Bizan Txagorritxu de Vitoria-Gasteiz\u00bb tab_id=\u00bbintergeneracional\u00bb][vc_row_inner content_placement=\u00bbmiddle\u00bb][vc_column_inner][vc_column_text css=\u00bb\u00bb]<\/p>\n<p data-start=\"3560\" data-end=\"4300\"><strong>A cargo de: <\/strong>Asier Manero Oliva, T\u00e9cnico en animaci\u00f3n sociocultural de un centro BIZAN, y Nieves Delgado Fontaneda, impulsora y participante del proyecto<\/p>\n<p>Desde 2021, en los centros BIZAN San Mart\u00edn y BIZAN Txagorritxu de Vitoria-Gasteiz, se desarrolla una experiencia intergeneracional en la que personas mayores, tras su jubilaci\u00f3n y con mayor disponibilidad de tiempo, proponen ofrecer apoyo escolar a ni\u00f1os en situaci\u00f3n de vulnerabilidad social o con necesidades educativas. BIZAN es una red de 17 centros municipales que promueven el envejecimiento activo y forma parte del Departamento de Pol\u00edticas Sociales del Ayuntamiento.<\/p>\n<p>Esta propuesta se coordina con dos centros educativos, programas sociales de la ciudad y en colaboraci\u00f3n de alumnado de Bachillerato y universitario. La actividad se desarrolla en espacios de los centros de mayores colindantes a los centros escolares y consiste en sesiones semanales de una hora y media con tres grupos de unos ocho ni\u00f1os y ni\u00f1as cada uno, donde las personas mayores lideran el apoyo escolar con el acompa\u00f1amiento de t\u00e9cnicos de animaci\u00f3n sociocultural. Las sesiones combinan una acogida inicial con merienda y relaci\u00f3n informal y un tiempo de apoyo escolar adaptado a las necesidades individuales, con una din\u00e1mica flexible y actividades comunitarias puntuales. El alumnado es seleccionado por los equipos docentes en coordinaci\u00f3n con los servicios sociales, y la actividad se desarrolla de octubre a mayo, con una evaluaci\u00f3n final en junio y formaci\u00f3n a personas colaboradoras entre julio y octubre. Entre sus objetivos destacan la promoci\u00f3n de la generatividad, la interacci\u00f3n intergeneracional, el refuerzo del sentido de pertenencia del alumnado y la compensaci\u00f3n de desigualdades educativas y sociales. La evaluaci\u00f3n demuestra mejoras en la implicaci\u00f3n acad\u00e9mica y emocional del alumnado, que percibe el espacio como seguro y valioso, y refuerza el liderazgo y satisfacci\u00f3n de las personas mayores. El proyecto se valora positivamente por su car\u00e1cter inclusivo, replicable y su impacto comunitario.[\/vc_column_text][\/vc_column_inner][\/vc_row_inner][\/vc_tta_section][vc_tta_section title=\u00bbConocimiento de oficios de Sabadell\u00bb tab_id=\u00bbsabadell\u00bb][vc_row_inner content_placement=\u00bbmiddle\u00bb][vc_column_inner][vc_column_text css=\u00bb\u00bb]<\/p>\n<p data-start=\"4792\" data-end=\"5237\"><strong>A cargo de: <\/strong>Toni Rodr\u00edguez Galian, Regidor de Desenvolupament Econ\u00f2mic y Anna Monterde Fern\u00e1ndez, Cap de secci\u00f3 d&#8217;Orientaci\u00f3 y Intermediaci\u00f3 laboral.<\/p>\n<p>El proyecto nace de una doble necesidad: las empresas del territorio necesitaban aprendices y no encontraban y los centros educativos ped\u00edan alternativas para conseguir motivaci\u00f3n y algunos cambios actitudinales en j\u00f3venes de la ESO susceptibles de abandono escolar prematuro.<\/p>\n<p>La clave del papel de administraci\u00f3n local en este proyecto no ha sido solo detectar las necesidades, buscar recursos crearlos y desarrollarlos, sino mantenerlos y mejorarlos y crear una red vida entre los centros de ESO locales y el Centro metal\u00fargico, el gremio de instaladores i electricistas, el gremio de carpinter\u00eda, el gremio de talleres de reparaci\u00f3n de veh\u00edculos, el gremio de panaderos y el centro tecnol\u00f3gico Eurecat, entre otros.<\/p>\n<p>En la pr\u00e1ctica se ofrece a todos los centros de educaci\u00f3n secundaria p\u00fablicos y a los espec\u00edficos de educaci\u00f3n especial de la ciudad. Cada centro participa con un grupo de alumnado que ha seleccionado. Des de octubre a junio cada uno de ellos desarrolla 8 talleres diferentes, con un total de 77 horas, y una actividad de orientaci\u00f3n centrada en el autoconocimiento competencial. Cada grupo tiene asignado un d\u00eda de la semana durante todo el curso escolar y en horario lectivo.<\/p>\n<p>Es un proyecto que destaca porque motiva el aprendizaje de profesiones en alumnado de segundo ciclo de la ESO que presentan dificultades de aprendizaje, desmotivaci\u00f3n, riesgo de absentismos acad\u00e9mico y que necesitan actuaciones individualizadas y adaptaciones sustanciales del curr\u00edculum acad\u00e9mico para que puedan lograr los objetivos generales de la etapa. Tambi\u00e9n impulsa la colaboraci\u00f3n empresarial en el \u00e1mbito acad\u00e9mico mediante una clara colaboraci\u00f3n p\u00fablico-privada.<\/p>\n<p>Este proyecto haya sido galardonado con el Premio Educaweb de Orientaci\u00f3n Acad\u00e9mica y Profesional, por fomentar la creatividad en el dise\u00f1o de propuestas de orientaci\u00f3n profesional.[\/vc_column_text][\/vc_column_inner][\/vc_row_inner][\/vc_tta_section][vc_tta_section title=\u00bbSom Aqu\u00ed de Vic\u00bb tab_id=\u00bbsom-aqui\u00bb][vc_row_inner content_placement=\u00bbmiddle\u00bb][vc_column_inner][vc_column_text css=\u00bb\u00bb]<\/p>\n<p data-start=\"4792\" data-end=\"5237\"><strong>A cargo de: <\/strong>Merc\u00e8 Farr\u00e9s Mor\u00e9 \u2013 T\u00e8cnica coordinadora Pla Educatiu d\u2019Entorn de Vic<\/p>\n<p>El proyecto Som Aqu\u00ed (Estamos Aqu\u00ed) forma parte de los programas de acogida y acompa\u00f1amiento a personas j\u00f3venes reci\u00e9n llegadas a la ciudad desde una perspectiva integral y poniendo \u00e9nfasis en el aprendizaje de la lengua catalana. Tiene dos momentos de actuaci\u00f3n; por un lado, de octubre a junio (durante el curso escolar) y por otro lado los meses de verano, momento en el que se da la oportunidad a este colectivo de aprender la lengua de una manera m\u00e1s l\u00fadica. Durante el curso la participaci\u00f3n al proyecto se adapta a la matr\u00edcula viva, ya que se van incorporando al programa todos los j\u00f3venes que llegan a la ciudad.<\/p>\n<p>Des del proyecto se trabaja con una mirada global, no solo para que mejoren el aprendizaje de la lengua catalana, sino para que conozcan a otros j\u00f3venes, que participen de espacio de la ciudad fuera del entorno educativo y conozcan las oportunidades educativas y laborales que tienen. Tambi\u00e9n ponen en valor la importancia del acompa\u00f1amiento emocional que es imprescindible, al ser j\u00f3venes que no han escogido su viaje migratorio, motivo que les dificulta su proceso de aprendizaje de la lengua y su socializaci\u00f3n.<\/p>\n<p>Se trata de un proyecto compartido con diferentes servicios de la ciudad: la Oficina Municipal de Acogida, Departamento de Educaci\u00f3n del Ayuntamiento, el Vicjove i el equipo de Medio Abierto, as\u00ed como los referentes de los centros educativos.[\/vc_column_text][\/vc_column_inner][\/vc_row_inner][\/vc_tta_section][vc_tta_section title=\u00bbEspai Jove de Castell\u00f3n de la Plana\u00bb tab_id=\u00bbespai-jove\u00bb][vc_row_inner content_placement=\u00bbmiddle\u00bb][vc_column_inner][vc_column_text css=\u00bb\u00bb]<\/p>\n<p data-start=\"4792\" data-end=\"5237\"><strong>A c\u00e0rrec de:<\/strong> Mar Gargori Reverter, Jefa del Negociado de Juventud<\/p>\n<p>El Espai Jove es una iniciativa tiene como objetivo ofrecer un espacio de referencia para adolescentes de entre 12 y 17 a\u00f1os. Su finalidad es proporcionar alternativas educativas y de ocio fuera del horario lectivo, fomentando la participaci\u00f3n de los j\u00f3venes y promoviendo estilos de vida saludables, as\u00ed como la prevenci\u00f3n de conductas de riesgo.<\/p>\n<p>El proyecto se desarrolla en el Casal Jove del Grao de Castell\u00f3n, de lunes a viernes por la tarde, y ofrece una programaci\u00f3n mensual de talleres gratuitos y actividades adaptadas a las necesidades e intereses del grupo. Estas incluyen propuestas culturales, tecnol\u00f3gicas, deportivas y de desarrollo personal.<\/p>\n<p>La metodolog\u00eda se basa en el trabajo en equipo, la autonom\u00eda y la autoorganizaci\u00f3n, incentivando que los j\u00f3venes asuman responsabilidades y participen en la toma de decisiones de manera consensuada, con el acompa\u00f1amiento del equipo t\u00e9cnico. Se entiende la participaci\u00f3n juvenil como un proceso formativo que prepara para la vida adulta, a trav\u00e9s de una secuencia que va desde asistir y opinar hasta proponer y realizar.<\/p>\n<p>Desde su puesta en marcha, el Espai Jove registra una media de 15 participantes diarios, con mayor afluencia los fines de semana. Se destaca la cohesi\u00f3n del grupo, el ambiente positivo y el compromiso de los j\u00f3venes en todas las fases del proyecto, desde la planificaci\u00f3n hasta la evaluaci\u00f3n.[\/vc_column_text][\/vc_column_inner][\/vc_row_inner][\/vc_tta_section][\/vc_tta_accordion][\/vc_column][\/vc_row][vc_row css_animation=\u00bbfadeIn\u00bb el_class=\u00bbdetall-experiencies\u00bb][vc_column][vc_custom_heading text=\u00bb\u00c1gora de experiencias 1 (C\u00f3rner)\u00bb font_container=\u00bbtag:h2|text_align:left|color:%23616160&#8243; use_theme_fonts=\u00bbyes\u00bb css_animation=\u00bbnone\u00bb css=\u00bb.vc_custom_1753187400462{margin-bottom: 0px !important;}\u00bb][vc_custom_heading text=\u00bbDetr\u00e1s de la sala peque\u00f1a de Atrium\u00bb font_container=\u00bbtag:h3|text_align:left|color:%23939392&#8243; use_theme_fonts=\u00bbyes\u00bb css_animation=\u00bbnone\u00bb css=\u00bb.vc_custom_1752663322975{margin-bottom: 2rem !important;}\u00bb][vc_tta_accordion section_title_tag=\u00bbh6&#8243; c_icon=\u00bbchevron\u00bb c_position=\u00bbright\u00bb active_section=\u00bb999&#8243; collapsible_all=\u00bbtrue\u00bb css=\u00bb.vc_custom_1752502786690{margin-bottom: 70px !important;}\u00bb][vc_tta_section title=\u00bbPrograma local de prevenci\u00f3n, seguimiento y control del absentismo escolar de Alc\u00e1zar de San Juan\u00bb tab_id=\u00bbalcazar\u00bb][vc_row_inner content_placement=\u00bbmiddle\u00bb][vc_column_inner][vc_column_text css=\u00bb\u00bb]<\/p>\n<p data-start=\"40\" data-end=\"803\"><strong>A c\u00e0rrec de:<\/strong> Carlos Jare\u00f1o Contreras &#8211; T\u00e9cnico de Educaci\u00f3n Ayuntamiento de Alc\u00e1zar de San Juan.<\/p>\n<p>El Programa Local de Prevenci\u00f3n, Seguimiento y Control del Absentismo, aprobado el Pleno municipal en el 2023, establece como su \u00e1mbito de actuaci\u00f3n la poblaci\u00f3n que se encuentra en edad de escolarizaci\u00f3n obligatoria, comprendida entre los 6 y los 16 a\u00f1os. Adem\u00e1s, se ampl\u00eda al grupo de edad susceptible de ser escolarizado en el Segundo Ciclo de Educaci\u00f3n Infantil, comprendido entre los 3 y los 5 a\u00f1os, como l\u00ednea estrat\u00e9gica de car\u00e1cter preventivo clave en el tratamiento del absentismo. <\/p>\n<p>Se establece, con el liderazgo de la concejal\u00eda de educaci\u00f3n, coordinaci\u00f3n entre diferentes agentes (centros educativos, servicios sociales, departamento de educaci\u00f3n, polic\u00eda local y familias).<\/p>\n<p>Destaca un procedimiento y protocolos bien definidos, comisiones de seguimiento y evaluaci\u00f3n y medidas concretas de actuaci\u00f3n de prevenci\u00f3n y adaptaci\u00f3n.[\/vc_column_text][\/vc_column_inner][\/vc_row_inner][\/vc_tta_section][vc_tta_section title=\u00bbComunicajove! de Castell\u00f3n de la Plana\u00bb tab_id=\u00bbcomunicajove\u00bb][vc_row_inner content_placement=\u00bbmiddle\u00bb][vc_column_inner][vc_column_text css=\u00bb\u00bb]<\/p>\n<p data-start=\"3560\" data-end=\"4300\"><strong>A cargo de:<\/strong> Luisa Espin\u00f3s Zafra, educadora social del programa Comunicajove!<\/p>\n<div id=\"chat-history\" class=\"chat-history-scroll-container\">\n<div id=\"7f130147571fa192\" class=\"conversation-container message-actions-hover-boundary ng-star-inserted\">\n<div class=\"response-container ng-tns-c2178223714-36 response-container-with-gpi ng-star-inserted response-container-has-multiple-responses\">\n<div class=\"presented-response-container ng-tns-c2178223714-36\">\n<div class=\"response-container-content ng-tns-c2178223714-36\">\n<div class=\"response-content ng-tns-c2178223714-36\">\n<div id=\"model-response-message-contentr_7f130147571fa192\" class=\"markdown markdown-main-panel stronger enable-updated-hr-color\" dir=\"ltr\">\n<p>El programa comunicajove! es una iniciativa de la Polic\u00eda Local de Castell\u00f3n de la Plana orientada a la prevenci\u00f3n de conflictos escolares y la mejora de la convivencia entre adolescentes. Dirigido principalmente al alumnado de educaci\u00f3n secundaria, promueve valores como el respeto, la integraci\u00f3n y la autoestima, al tiempo que act\u00faa ante situaciones como el acoso escolar, el ciberacoso, el absentismo o las autolesiones. La estrategia incluye charlas presenciales, canales de comunicaci\u00f3n directa v\u00eda WhatsApp e Instagram, y un concurso educativo que fomenta la participaci\u00f3n juvenil.<\/p>\n<p>Adem\u00e1s de su impacto directo en el alumnado, el programa ofrece asesoramiento a familias y apoyo a equipos docentes y directivos. Se articula en colaboraci\u00f3n con centros educativos, diversas concejal\u00edas del Ayuntamiento y organismos auton\u00f3micos especializados, como las unidades PREVI. Desde su puesta en marcha en 2018, ha mostrado un crecimiento sostenido en participaci\u00f3n y eficacia, posicion\u00e1ndose como un modelo de intervenci\u00f3n preventiva y educativa de referencia local.<\/p>\n<\/div>\n<div class=\"response-footer gap complete\"><\/div>\n<\/div>\n<\/div>\n<\/div>\n<div class=\"response-container-footer ng-tns-c2178223714-36\">\n<div class=\"actions-container-v2 ng-tns-c484694460-38\">\n<div class=\"buttons-container-v2 ng-tns-c484694460-38 ng-star-inserted\">\n<div class=\"thumb-animation\" hidden=\"\"><\/div>\n<div class=\"tooltip-anchor-point ng-tns-c484694460-38 ng-star-inserted\"><\/div>\n<\/div>\n<\/div>\n<\/div>\n<\/div>\n<\/div>\n<\/div>\n<div class=\"container hidden\"><\/div>\n<div class=\"input-area-container ng-tns-c48799062-2 ng-trigger ng-trigger-inputAreaAnimation ng-star-inserted\">\n<div class=\"input-area ng-tns-c2346168775-4 with-toolbox-drawer\" data-node-type=\"input-area\">\n<div class=\"text-input-field ng-tns-c2346168775-4 with-toolbox-drawer height-expanded-past-single-line\">\n<div class=\"text-input-field_textarea-wrapper ng-tns-c2346168775-4\">\n<div class=\"text-input-field-main-area ng-tns-c2346168775-4\">\n<div class=\"text-input-field_textarea-inner ng-tns-c2346168775-4\"><\/div>\n<\/div>\n<\/div>\n<\/div>\n<\/div>\n<\/div>\n<p>[\/vc_column_text][\/vc_column_inner][\/vc_row_inner][\/vc_tta_section][vc_tta_section title=\u00bbDinamizaci\u00f3n e impulso de la lectura de Esplugues de Llobregat\u00bb tab_id=\u00bblectura-esplugues\u00bb][vc_row_inner content_placement=\u00bbmiddle\u00bb][vc_column_inner][vc_column_text css=\u00bb\u00bb]<strong>A cargo de:<\/strong> Montserrat P\u00e9rez Escobar, Concejala de Educaci\u00f3n y Kira Blanc Fit\u00e9, Directora Servicio de Educaci\u00f3n<\/p>\n<p>El proyecto de dinamizaci\u00f3n de la lectura busca fomentar el h\u00e1bito lector en la infancia, resaltando la diversidad cultural y ling\u00fc\u00edstica del entorno y fortaleciendo la interacci\u00f3n en la comunidad educativa. Est\u00e1 alineado con los ODS 4 y 10, y con el Pla Educatiu d\u2019Entorn, para promover el \u00e9xito escolar. En Catalu\u00f1a, un preocupante 25,2% del alumnado de 6.\u00ba de primaria tiene un nivel bajo de comprensi\u00f3n lectora, lo que incrementa el riesgo de fracaso escolar. Informes como PISA y PIRLS evidencian un rendimiento lector inferior al de la media espa\u00f1ola y europea. En respuesta, se propone una intervenci\u00f3n desde las bibliotecas escolares como herramienta estrat\u00e9gica para mejorar la comprensi\u00f3n lectora y reducir desigualdades educativas.[\/vc_column_text][\/vc_column_inner][\/vc_row_inner][\/vc_tta_section][vc_tta_section title=\u00bbRefer\u00e8xit \u2013 Lleida\u00bb tab_id=\u00bbreferexit\u00bb][vc_row_inner content_placement=\u00bbmiddle\u00bb][vc_column_inner][vc_column_text css=\u00bb\u00bb]<\/p>\n<p data-start=\"4792\" data-end=\"5237\"><strong>A c\u00e0rgo de: Mayte Bautista Rodr\u00edguez, t\u00e9cnica de Prevenci\u00f3n de Absentismo y Abandono Escolar, Secci\u00f3n Socioeducativa, Concejal\u00eda de Educaci\u00f3n, Ayuntamiento de Lleida<\/strong><\/p>\n<p>El proyecto Refer\u00e8xit se dirige a alumnado de 6.\u00ba de primaria en barrios vulnerables, con el objetivo de prevenir el abandono escolar en la transici\u00f3n a secundaria. A trav\u00e9s del testimonio de j\u00f3venes referentes del mismo entorno, se fomenta la motivaci\u00f3n, el inter\u00e9s por los estudios y la identificaci\u00f3n con modelos de \u00e9xito educativo reales, desmontando estereotipos sociales y culturales. Se trabaja en red con centros, familias y entidades para generar expectativas positivas, mejorar la vinculaci\u00f3n escolar y acompa\u00f1ar emocionalmente a alumnado y familias en este momento clave. La iniciativa apuesta por la inclusi\u00f3n, la diversidad cultural y el crecimiento personal.[\/vc_column_text][\/vc_column_inner][\/vc_row_inner][\/vc_tta_section][\/vc_tta_accordion][\/vc_column][\/vc_row][vc_row css_animation=\u00bbfadeIn\u00bb el_class=\u00bbdetall-experiencies\u00bb][vc_column][vc_custom_heading text=\u00bb\u00c1gora de experiencias 2 (C\u00f3rner)\u00bb font_container=\u00bbtag:h2|text_align:left|color:%23616160&#8243; use_theme_fonts=\u00bbyes\u00bb css_animation=\u00bbnone\u00bb css=\u00bb.vc_custom_1753187414310{margin-bottom: 0px !important;}\u00bb][vc_custom_heading text=\u00bbBiblioteca\u00bb font_container=\u00bbtag:h3|text_align:left|color:%23939392&#8243; use_theme_fonts=\u00bbyes\u00bb css_animation=\u00bbnone\u00bb css=\u00bb.vc_custom_1752663364181{margin-bottom: 2rem !important;}\u00bb][vc_tta_accordion section_title_tag=\u00bbh6&#8243; c_icon=\u00bbchevron\u00bb c_position=\u00bbright\u00bb active_section=\u00bb999&#8243; collapsible_all=\u00bbtrue\u00bb css=\u00bb.vc_custom_1752502786690{margin-bottom: 70px !important;}\u00bb][vc_tta_section title=\u00bbProyecto de prevenci\u00f3n y intervenci\u00f3n frente al absentismo escolar de Viladecans\u00bb tab_id=\u00bbabsentisme-escolar\u00bb][vc_row_inner content_placement=\u00bbmiddle\u00bb][vc_column_inner][vc_column_text css=\u00bb\u00bb]<\/p>\n<p data-start=\"40\" data-end=\"803\"><strong>A cargo de:<\/strong> Laia Casado Rodr\u00edguez, t\u00e9cnica de absentismo.<\/p>\n<p>En 2002, la Red Local de Transici\u00f3n Escuela-Trabajo de Viladecans identific\u00f3 el absentismo escolar como un problema prioritario que afectaba el rendimiento acad\u00e9mico y la cohesi\u00f3n social. Con el objetivo de mejorar la escolarizaci\u00f3n y promover la inclusi\u00f3n educativa, en 2005 se inici\u00f3 el Proyecto de Prevenci\u00f3n del Absentismo Escolar en el marco del Plan Educativo de Entorno de la ciudad.<\/p>\n<p>Este proyecto se implement\u00f3 en todos los centros de secundaria p\u00fablicos y concertados durante el curso 2006-2007. Para garantizar la efectividad, los departamentos de Servicios Sociales y Educaci\u00f3n del Ayuntamiento de Viladecans, junto con la Generalitat de Catalunya, crearon un documento marco que definiera estrategias y herramientas comunes para abordar el absentismo. Se establecieron mecanismos de coordinaci\u00f3n entre los centros educativos y los servicios involucrados, promoviendo un enfoque integral para asegurar la asistencia escolar y prevenir el abandono educativo.[\/vc_column_text][\/vc_column_inner][\/vc_row_inner][\/vc_tta_section][vc_tta_section title=\u00bbSalud Escolar: Detecci\u00f3n Precoz de Dificultades Emocionales de Alcobendas.\u00bb tab_id=\u00bbsalut-escolar\u00bb][vc_row_inner content_placement=\u00bbmiddle\u00bb][vc_column_inner][vc_column_text css=\u00bb\u00bb]<\/p>\n<p data-start=\"3560\" data-end=\"4300\"><strong>A cargo de: <\/strong>Cristina Luc\u00eda Mart\u00ednez, Psic\u00f3loga General sanitaria. Jefa en funciones del Centro Psicopedag\u00f3gico Municipal<\/p>\n<p>Este programa se concreta en un Centro Psicopedag\u00f3gico Municipal que act\u00faa con el alumnado de 1\u00ba Educaci\u00f3n Primaria y 1\u00ba ESO, escolarizados en los Centros P\u00fablicos de la localidad, como etapas educativas de transici\u00f3n clave.<\/p>\n<p>Se realiza una valoraci\u00f3n emocional de la poblaci\u00f3n escolar en momentos claves del desarrollo, con el objetivo de detectar precozmente indicadores de riesgo y posibles dificultades evolutivas, sociales, educativas, familiares o emocionales.[\/vc_column_text][\/vc_column_inner][\/vc_row_inner][\/vc_tta_section][vc_tta_section title=\u00bbSAN JOS\u00c9 SE MUEVE\u2026 en contra del absentismo y a favor de la educaci\u00f3n \u2013Zaragoza\u00bb tab_id=\u00bbsaragossa\u00bb][vc_row_inner content_placement=\u00bbmiddle\u00bb][vc_column_inner][vc_column_text css=\u00bb\u00bb]<\/p>\n<p data-start=\"4792\" data-end=\"5237\"><strong>A cargo de:<\/strong> Celia Vilar Pascual, Unidad de Programaci\u00f3n educativa, Servicio de Educaci\u00f3n y Montserrat Piquer, educadora de Servicios sociales comunitarios.<\/p>\n<p>El IES Pablo Gargallo de Zaragoza, ubicado en el barrio de San Jos\u00e9, desarrolla un proyecto global para combatir el absentismo escolar y promover el \u00e9xito educativo del alumnado m\u00e1s vulnerable, especialmente del Ciclo Formativo de Grado B\u00e1sico de Agrojardineria. Este proyecto parte de una realidad compleja marcada por la desmotivaci\u00f3n, la exclusi\u00f3n y la carencia de expectativas, y apuesta por una metodolog\u00eda basada en el aprendizaje y servicio, con proyectos reales y cooperativos vinculados a la mejora de los espacios verdes de la ciudad.<\/p>\n<p>La iniciativa conecta el \u00e1mbito educativo con el tejido comunitario e institucional del barrio, implicando entidades sociales, servicios municipales y las familias en un proceso compartido de prevenci\u00f3n del absentismo y acompa\u00f1amiento socioeducativo. Mediante el modelo EQUIPO (Empat\u00eda, Calidad humana, Unidad, Igualdad, proactividad y Organizaci\u00f3n), se fomenta el desarrollo personal, social y profesional del alumnado, reforzando las competencias emocionales y laborales en un entorno significativo.<\/p>\n<p>Los resultados muestran una mejora notable de la asistencia, la continuidad formativa y el aprecio propio del alumnado, as\u00ed como una ampliaci\u00f3n de la red de colaboraci\u00f3n entre centros educativos y entidades del territorio. El proyecto, reconocido como buena pr\u00e1ctica municipal, se proyecta hacia nuevos retos como Erasmus internacional y la organizaci\u00f3n del Festival por la Diversidad 2025, consolid\u00e1ndose como una referencia educativa y comunitaria.[\/vc_column_text][\/vc_column_inner][\/vc_row_inner][\/vc_tta_section][vc_tta_section title=\u00bbPromoci\u00f3n de la escolarizaci\u00f3n en Ca\u00f1ada Real de Madrid\u00bb tab_id=\u00bbpromocio-escolaritzacio\u00bb][vc_row_inner content_placement=\u00bbmiddle\u00bb][vc_column_inner][vc_column_text css=\u00bb\u00bb]<\/p>\n<p data-start=\"4792\" data-end=\"5237\"><strong>A cargo de:<\/strong> Montserrat Retuerta de Lara, psic\u00f3loga del Departamento de Programas Educativos del Ayuntamiento del Ayuntamiento de Madrid.<\/p>\n<p>El proyecto Promoci\u00f3n de las escolarizaciones en Ca\u00f1ada Real es una iniciativa preventiva dentro del Programa de Prevenci\u00f3n y Control del Absentismo Escolar del Ayuntamiento de Madrid, desarrollada en colaboraci\u00f3n con la Comunidad de Madrid. Desde el curso 2021\/22, el proyecto se centra en facilitar y acompa\u00f1ar los procesos de escolarizaci\u00f3n de ni\u00f1os y ni\u00f1as del Sector 6 de la Ca\u00f1ada Real Galiana, una zona caracterizada por alta vulnerabilidad social, aislamiento geogr\u00e1fico y una poblaci\u00f3n diversa (espa\u00f1oles gitanos, marroqu\u00edes, rumanos, entre otros). El objetivo principal es fomentar la asistencia regular al centro educativo y promover en las familias el valor de la educaci\u00f3n como v\u00eda de mejora social..<\/p>\n<p>La metodolog\u00eda se basa en intervenciones socioeducativas grupales adaptadas al contexto, como sesiones de promoci\u00f3n de la escolarizaci\u00f3n, apoyo a la cumplimentaci\u00f3n de matr\u00edculas y talleres de regulaci\u00f3n emocional. Estas actividades se desarrollan en coordinaci\u00f3n con entidades sociales del territorio (Asociaci\u00f3n Barr\u00f3, Cruz Roja, ASPA, etc.) y buscan romper barreras culturales, administrativas y emocionales que dificultan la escolarizaci\u00f3n.<\/p>\n<p>. En el curso 2023\/24 participaron 149 personas adultas y el 59% de las familias participantes present\u00f3 la solicitud de escolarizaci\u00f3n. La cercan\u00eda territorial, la coordinaci\u00f3n interinstitucional y el enfoque preventivo son claves en su impacto, aunque se se\u00f1ala la necesidad de extender el proyecto a otros sectores de la Ca\u00f1ada y reforzar estrategias espec\u00edficas para aumentar la implicaci\u00f3n de las familias gitanas.[\/vc_column_text][\/vc_column_inner][\/vc_row_inner][\/vc_tta_section][\/vc_tta_accordion][\/vc_column][\/vc_row][vc_row css_animation=\u00bbfadeIn\u00bb el_class=\u00bbdetall-experiencies\u00bb][vc_column][vc_custom_heading text=\u00bb\u00c1gora de experiencias 3 (C\u00f3rner)\u00bb font_container=\u00bbtag:h2|text_align:left|color:%23616160&#8243; use_theme_fonts=\u00bbyes\u00bb css_animation=\u00bbnone\u00bb css=\u00bb.vc_custom_1753187424659{margin-bottom: 0px !important;}\u00bb][vc_custom_heading text=\u00bbSala Terrat de Can Xic\u00bb font_container=\u00bbtag:h3|text_align:left|color:%23939392&#8243; use_theme_fonts=\u00bbyes\u00bb css_animation=\u00bbnone\u00bb css=\u00bb.vc_custom_1752663416427{margin-bottom: 2rem !important;}\u00bb][vc_tta_accordion section_title_tag=\u00bbh6&#8243; c_icon=\u00bbchevron\u00bb c_position=\u00bbright\u00bb active_section=\u00bb999&#8243; collapsible_all=\u00bbtrue\u00bb css=\u00bb.vc_custom_1752502786690{margin-bottom: 70px !important;}\u00bb][vc_tta_section title=\u00bbMesa Joven del Barrio de la Mina de Sant Adri\u00e0 de Bes\u00f2s\u00bb tab_id=\u00bbtaula-jove\u00bb][vc_row_inner content_placement=\u00bbmiddle\u00bb][vc_column_inner][vc_column_text css=\u00bb\u00bb]<\/p>\n<p data-start=\"40\" data-end=\"803\"><strong>A cargo de:<\/strong> M\u00f2nica Ribera i Ribes, t\u00e8cnica d&#8217;Educaci\u00f3 de l&#8217;Ajuntament de Sant Adri\u00e0 i directora de l&#8217;Escola d&#8217;Oportunitats de Sant Adri\u00e0, y persona a concretar.<\/p>\n<p>La Mesa Joven de La Mina nace con el fin de reducir el abandono escolar prematuro en este barrio. Convocada desde el Ayuntamiento de Sant Adri\u00e0, re\u00fane a todos los agentes p\u00fablicos y privados que intervienen con los adolescentes y j\u00f3venes del territorio (Servicios Sociales, concejal\u00eda de Educaci\u00f3n, Educadores de medio Abierto, Servicio de orientaci\u00f3n Municipal (SOAC), Acompa\u00f1amiento de j\u00f3venes (Modelo SIS), UEC, Ocell de foc, Escuela de oportunidades, Juventud deportiva, Espai Jove, Casal C\u00edvico, Orientadora del Departamento de Educaci\u00f3n, T\u00e9cnica de bienestar emocional CAP y Centro Cultural Gitano.<\/p>\n<p>Su finalidad es realizar una tarea de detecci\u00f3n, y acompa\u00f1amiento de los j\u00f3venes para que puedan seguir trayectorias personales exitosas tanto si siguen itinerarios formativos como laborales.<\/p>\n<p>Dado que se trata de un barrio que presenta una alta complejidad social y un alto porcentaje de abandono escolar prematuro (22%), se realizan visitas domiciliarias (proyecto de Medio Abierto). Cada a\u00f1o se cruzan datos del padr\u00f3n de los j\u00f3venes que finalizan la formaci\u00f3n obligatoria con los datos procedentes del Departamento de Educaci\u00f3n de la Generalitat, lo que permite detectar a los j\u00f3venes que han abandonado prematuramente, y seguir los itinerarios formativos del resto. De esta manera se consigue realizar un seguimiento de todos ellos. Es prioritaria la orientaci\u00f3n para que reanuden itinerario formativo interrumpido o realizar un acompa\u00f1amiento en la entrada al mundo del trabajo, sin dejar de lado otros aspectos como la oferta de actividades deportivas o de tiempo libre, acompa\u00f1amiento del malestar psicol\u00f3gico y el apoyo a necesidades b\u00e1sicas detectadas no cubiertas.[\/vc_column_text][\/vc_column_inner][\/vc_row_inner][\/vc_tta_section][vc_tta_section title=\u00bbSalud Escolar: Programa de atenci\u00f3n al alumnado en periodo de expulsi\u00f3n disciplinaria de Ibi.\u00bb tab_id=\u00bbatencio-alumnat\u00bb][vc_row_inner content_placement=\u00bbmiddle\u00bb][vc_column_inner][vc_column_text css=\u00bb\u00bb]<\/p>\n<p data-start=\"3560\" data-end=\"4300\"><strong>A cargo de:<\/strong> Elisa Cremades Verd\u00fa, psic\u00f3loga del departamento de educaci\u00f3n del Ayuntamiento de Ibi.<\/p>\n<p>El programa busca abordar una situaci\u00f3n que el sistema educativo no tiene prevista de manera reglada: qu\u00e9 hacer cuando un alumno ha sido expulsado del instituto, en la etapa de ESO. El objetivo principal es que el alumnado sancionado con una expulsi\u00f3n tenga una atenci\u00f3n personalizada durante este tiempo y reducir los problemas de convivencia en el centro educativo. El municipio ofrece un programa matinal en el Centro Social Polivalente.<\/p>\n<p>En el programa est\u00e1 coordinado por los departamentos municipales de Educaci\u00f3n, Juventud y Servicios Sociales del Ayuntamiento, siempre en colaboraci\u00f3n con los centros educativos y las familias.<\/p>\n<p>La vertiente educativa de la experiencia es fundamental y busca que los alumnos no pierdan contenidos curriculares durante el periodo de expulsi\u00f3n. Para ello, se trabaja en el apoyo y refuerzo en destrezas acad\u00e9micas, utilizando propuestas marcadas desde el propio centro escolar. Se hace hincapi\u00e9 en las materias con mayor dificultad para el alumnado y se refuerzan habilidades instrumentales como lectura, escritura, ortograf\u00eda, comprensi\u00f3n y expresi\u00f3n. Adem\u00e1s, se fomenta la adquisici\u00f3n de h\u00e1bitos de estudio. El programa tambi\u00e9n incluye actividades de apoyo psicopedag\u00f3gico, que buscan reflexionar con al alumnado sobre sus actuaciones y consecuencias, proponer estrategias para prevenir conflictos, promover el autoconocimiento y la autoestima, ense\u00f1ar habilidades de comunicaci\u00f3n, autocontrol y resoluci\u00f3n de problemas, y concienciar sobre la necesidad de formaci\u00f3n y estudio. Se apoya la orientaci\u00f3n personal y profesional realizada en el centro educativo y se informa al instituto sobre la asistencia y participaci\u00f3n del alumnado, sugiriendo medidas para su vuelta, previniendo el abandono escolar.[\/vc_column_text][\/vc_column_inner][\/vc_row_inner][\/vc_tta_section][vc_tta_section title=\u00bbFondo de Compensaci\u00f3n Educativa de Rivas Vaciamadrid\u00bb tab_id=\u00bbcompensacio-educativa\u00bb][vc_row_inner content_placement=\u00bbmiddle\u00bb][vc_column_inner][vc_column_text css=\u00bb\u00bb]<\/p>\n<p data-start=\"4792\" data-end=\"5237\"><strong>A cargo de:<\/strong> Jos\u00e9 Vicente Salicio P\u00e1rraga, t\u00e9cnico de gesti\u00f3n educativa de la Concejal\u00eda de Educaci\u00f3n, Infancia y Juventud.<\/p>\n<p>El Fondo de Compensaci\u00f3n Educativa es un instrumento de financiaci\u00f3n de la Educaci\u00f3n P\u00fablica consistente en un fondo destinado a la redistribuci\u00f3n en inversi\u00f3n en los Centros Educativos y las familias m\u00e1s necesitadas. Sus recursos se distribuir\u00e1n por una comisi\u00f3n espec\u00edfica entre todos los Centros Educativos del municipio y con el fin de corregir desequilibrios econ\u00f3micos entre los mismos y de hacer efectivo el principio de solidaridad, equidad y libertad de la elecci\u00f3n de centro Todas las familias propuestas en las bonificaciones del fondo han sido valoradas por el personal t\u00e9cnico de la concejal\u00eda de Bienestar Social. Esta concejal\u00eda se coordina con la concejal\u00eda de Educaci\u00f3n, Infancia y Juventud y los 17 centros de educaci\u00f3n infantil y primarias p\u00fablicas del municipio. El \u00faltimo curso 2024\/2025 se dieron ayudas a 400 familias por importe de 279.879,00 euros.[\/vc_column_text][\/vc_column_inner][\/vc_row_inner][\/vc_tta_section][vc_tta_section title=\u00bbPrograma de Diversificaci\u00f3n Curricular (PDC) de Sant Boi de Llobregat\u00bb tab_id=\u00bbpdc-santboi\u00bb][vc_row_inner content_placement=\u00bbmiddle\u00bb][vc_column_inner][vc_column_text css=\u00bb\u00bb]<\/p>\n<p data-start=\"4792\" data-end=\"5237\"><strong>A cargo de:<\/strong> Mar\u00eda Val\u00e8ncia, regidora de educaci\u00f3n, y Eva Reina, t\u00e9cnica del programa de diversificaci\u00f3n curricular PDC<\/p>\n<p>Es un programa, impulsado por el Ayuntamiento de Sant Boi, que ofrece una alternativa educativa personalizada a j\u00f3venes en riesgo de abandono escolar en los \u00faltimos cursos de la ESO. Su enfoque es pr\u00e1ctico, flexible y comunitario, e incorpora un acompa\u00f1amiento integral que trasciende lo acad\u00e9mico. Colaboran para su puesta en pr\u00e1ctica el Ayuntamiento, institutos, inspecci\u00f3n educativa, entidades sociales y empresas locales. Destacan los centros formativos de \u00e1mbito pr\u00e1ctico, pieza clave para el \u00e9xito del programa.<\/p>\n<p>Fases del programa:<\/p>\n<ol start=\"1\">\n<li>Detecci\u00f3n y selecci\u00f3n del alumnado: En coordinaci\u00f3n con los institutos y servicios de orientaci\u00f3n, se identifica al alumnado con dificultades persistentes de aprendizaje, baja motivaci\u00f3n y riesgo de desvinculaci\u00f3n escolar. Se valora su inclusi\u00f3n en el PDC seg\u00fan criterios pedag\u00f3gicos y socioemocionales.<\/li>\n<li>Dise\u00f1o del itinerario personalizado: Se elabora un plan individualizado que combina asignaturas comunes con actividades formativas pr\u00e1cticas enfocadas en competencias personales. Este plan se revisa peri\u00f3dicamente por el equipo educativo. Se emplean metodolog\u00edas activas como el aprendizaje por proyectos y el trabajo cooperativo.<\/li>\n<li>Actividades formativas pr\u00e1cticas: Antes de iniciar, el alumnado es entrevistado por la t\u00e9cnica de Educaci\u00f3n referente del programa a trav\u00e9s de entrevistas grupales e individuales, para identificar intereses y habilidades. Esta evaluaci\u00f3n inicial permite adaptar el \u00e1mbito pr\u00e1ctico a su perfil, favoreciendo el \u00e9xito del programa.<\/li>\n<li>Vinculaci\u00f3n con el entorno: El programa incluye estancias formativas en empresas locales y entidades sociales, contactadas y supervisadas previamente por la t\u00e9cnica referente. Las tareas reales en estos entornos permiten desarrollar h\u00e1bitos laborales, explorar vocaciones y firmar acuerdos de responsabilidad sin relaci\u00f3n laboral.<\/li>\n<li>Acompa\u00f1amiento educativo y emocional: Un equipo multidisciplinar realiza un seguimiento cercano, con tutor\u00edas personalizadas, orientaci\u00f3n socioeducativa y contacto con las familias. El programa es flexible y se adapta seg\u00fan las necesidades del alumnado.<\/li>\n<\/ol>\n<p>[\/vc_column_text][\/vc_column_inner][\/vc_row_inner][\/vc_tta_section][\/vc_tta_accordion][\/vc_column][\/vc_row][vc_row css_animation=\u00bbfadeIn\u00bb el_class=\u00bbdetall-experiencies\u00bb][vc_column][vc_custom_heading text=\u00bb\u00c1gora de experiencias 4 (C\u00f3rner)\u00bb font_container=\u00bbtag:h2|text_align:left|color:%23616160&#8243; use_theme_fonts=\u00bbyes\u00bb css_animation=\u00bbnone\u00bb css=\u00bb.vc_custom_1753187438650{margin-bottom: 0px !important;}\u00bb][vc_custom_heading text=\u00bbSala Play de Can Xic\u00bb font_container=\u00bbtag:h3|text_align:left|color:%23939392&#8243; use_theme_fonts=\u00bbyes\u00bb css_animation=\u00bbnone\u00bb css=\u00bb.vc_custom_1752663461941{margin-bottom: 2rem !important;}\u00bb][vc_tta_accordion section_title_tag=\u00bbh6&#8243; c_icon=\u00bbchevron\u00bb c_position=\u00bbright\u00bb active_section=\u00bb999&#8243; collapsible_all=\u00bbtrue\u00bb css=\u00bb.vc_custom_1752502786690{margin-bottom: 70px !important;}\u00bb][vc_tta_section title=\u00bbPrograma Municipal de Lucha contra el Absentismo Escolar de Tomelloso\u00bb tab_id=\u00bbabsentisme-tomelloso\u00bb][vc_row_inner content_placement=\u00bbmiddle\u00bb][vc_column_inner][vc_column_text css=\u00bb\u00bb]<\/p>\n<p data-start=\"40\" data-end=\"803\"><strong>A cargo de:<\/strong> Hble. Sr. Antonio Calvo L\u00f3pez, regidor de educaci\u00f3n del excelent\u00edsimo Ayuntamento de Tomelloso y Sr. Lorenzo Gonz\u00e1lez Burillo, jefe del Departamento de Servicios Educativos, Juventud e Infancia del Excmo. Ayuntamiento de Tomelloso.<\/p>\n<p>Programa iniciado en el a\u00f1o 2009 para contribuir a poner fin al absentismo escolar, que est\u00e1 incidiendo de manera directa en el fracaso escolar del municipio. En \u00e9ste se recoge a modo de intervenciones coordinadas e interdisciplinares, todas las actuaciones que desde d\u00e9cadas atr\u00e1s se vienen realizando desde el Ayuntamiento de Tomelloso.<\/p>\n<p>Se trabaja de manera coordinada con los centros educativos desde la Comisi\u00f3n T\u00e9cnica de Absentismo y la Mesa Local de Absentismo. A nivel interdepartamental el proyecto se implementa des del Departamento de Servicios Sociales, el Departamento de Servicios Educativos, Juventud e Infancia y la Polic\u00eda Local.<\/p>\n<p>Tambi\u00e9n han llevado una campa\u00f1a de comunicaci\u00f3n para sensibilizar sobre la problem\u00e1tica.[\/vc_column_text][\/vc_column_inner][\/vc_row_inner][\/vc_tta_section][vc_tta_section title=\u00bbTARDES EDUCATIVAS Hacia una pol\u00edtica de tardes en barrios educadores de Barcelona\u00bb tab_id=\u00bbtardes-educatives\u00bb][vc_row_inner content_placement=\u00bbmiddle\u00bb][vc_column_inner][vc_column_text css=\u00bb\u00bb]<\/p>\n<p data-start=\"3560\" data-end=\"4300\"><strong>A cargo de: <\/strong>Roser Latorre y Judit Vall\u00e8s, t\u00e9cnicas de la Direcci\u00f3n de Educaci\u00f3n del Ayuntamiento de Barcelona<\/p>\n<p>En enero de 2022, el Ayuntamiento de Barcelona aprob\u00f3 la medida de gobierno &#8216;Estrategia. Hacia una pol\u00edtica de tardes en barrios educadores&#8217;. Su objetivo era garantizar tardes de actividades extraescolares accesibles, de calidad, diversas y de proximidad a los ni\u00f1os\/as y adolescentes de Barcelona, en un marco colaborativo y de objetivos compartidos entre administraciones y con el tejido social. Esta iniciativa se enmarca en las pol\u00edticas municipales para garantizar el derecho a la educaci\u00f3n m\u00e1s all\u00e1 del horario lectivo y reducir las desigualdades en el acceso a actividades extraescolares.<\/p>\n<p>Tardes educativas se centra en tres ejes:<\/p>\n<ol start=\"1\">\n<li>Garantizar el acceso con equidad a las actividades extraescolares con el objetivo de fomentar la continuidad y el \u00e9xito educativo: recursos para reducir las barreras econ\u00f3micas, informativas, administrativas, log\u00edsticas y territoriales de acceso<\/li>\n<li>Reconocer y potenciar el valor de las extraescolares: procedimientos para garantizar y avalar la calidad de las actividades con sistemas de habilitaci\u00f3n, acompa\u00f1amiento y formaci\u00f3n a los agentes organizadores<\/li>\n<li>Conectar las extraescolares con el conjunto del ecosistema educativo y cultural del territorio: acompa\u00f1amiento y dinamizaci\u00f3n de las conexiones entre agentes, espacios, tiempo y actividades para maximizar el impacto educativo y sociocultural de las actividades en los ni\u00f1os\/as y adolescentes.<\/li>\n<\/ol>\n<p>[\/vc_column_text][\/vc_column_inner][\/vc_row_inner][\/vc_tta_section][vc_tta_section title=\u00bbNo te rayes: cada dia cuenta de Quart de Poblet\u00bb tab_id=\u00bbno-et-ratllis\u00bb][vc_row_inner content_placement=\u00bbmiddle\u00bb][vc_column_inner][vc_column_text css=\u00bb\u00bb]<\/p>\n<p data-start=\"4792\" data-end=\"5237\"><strong>A cargo de:<\/strong> M\u00e0riam Cardona Aranda, Coordinadora de l&#8217;\u00c0rea &#8216;Educaci\u00f3 de l&#8217;Ajuntament de Quart de Poblet.<\/p>\n<p>Esta actuaci\u00f3n facilita una transici\u00f3n segura entre la etapa de primaria y secundaria que promueve el bienestar del alumnado y asegura su continuidad en el sistema educativo. Aunque el programa de transici\u00f3n a la ESO est\u00e1 coordinado por la concejal\u00eda de educaci\u00f3n se consens\u00faa y valida en la Comisi\u00f3n Municipal de absentismo, \u00f3rgano de participaci\u00f3n en el que est\u00e1n representados todos los centros educativos y departamentos municipales.<\/p>\n<p>Se plantean cinco proyectos desde 6\u00ba de primaria hasta 1\u00bade la ESO. Los materiales que se utilizan se quedan en el aula de primaria y est\u00e1n all\u00ed cuando el alumnado llega al aula de 1\u00ba de la ESO. La propuesta es que sea la misma persona psic\u00f3logo\/a facilitador\/a quien acompa\u00f1e al grupo en esta transici\u00f3n en los programas \u00abNo te rayes: cada d\u00eda cuenta\u00bb y \u00abA m\u00ed tambi\u00e9n me pasa\u00bb con el objetivo de dar continuidad al trabajo iniciado en 6\u00ba.<\/p>\n<p>\u201cNo te rayes: cada dia compta\u201d incluye una metodolog\u00eda vivencial y usando las artes pl\u00e1sticas para escuchar las preocupaciones del alumnado. \u201cA m\u00ed tambi\u00e9n me pasa\u201d es un taller complementario de cinco sesiones de autoconocimiento y gesti\u00f3n socioemocional. Adem\u00e1s, se realizan tres sesiones con el profesorado que facilitar\u00e1 la coordinaci\u00f3n y seguimiento del programa. El <b>\u00abAula Comboi\u00bb <\/b>es un aula de estudio para alumnado vulnerable donde el alumnado logra desarrollar tanto sus habilidades acad\u00e9micas invirtiendo un tiempo \u00fatil, y a la vez logra un espacio de socializaci\u00f3n donde conoce a m\u00e1s personas con las que entablar una relaci\u00f3n cordial. \u00abDespi\u00e9rtate\u00bb da respuesta de conciliaci\u00f3n familiar y de acogida al alumnado con dificultades de integraci\u00f3n en el sistema educativo en el cambio de etapa. Adem\u00e1s, facilita la conciliaci\u00f3n familiar. \u00abTutor\u00eda entre iguales: Pigmalion\u00bb facilitar la transici\u00f3n del alumnado desde Primaria a Secundaria.[\/vc_column_text][\/vc_column_inner][\/vc_row_inner][\/vc_tta_section][vc_tta_section title=\u00bbPrograma Becas Impulsa de Sabadell\u00bb tab_id=\u00bbbeques-sabadell\u00bb][vc_row_inner content_placement=\u00bbmiddle\u00bb][vc_column_inner][vc_column_text css=\u00bb\u00bb]<\/p>\n<p data-start=\"4792\" data-end=\"5237\"><strong>A cargo de:<\/strong> Anna Reina Pi\u00f1ero, T\u00e8cnica d\u2019educaci\u00f3 de la Secci\u00f3 de Planificaci\u00f3 i Escolaritzaci\u00f3 del Servei d\u2019Educaci\u00f3<\/p>\n<p>El Programa Impulsa Formaci\u00f3n Profesional y Humana de la Fundaci\u00f3n Impulsa consiste en la selecci\u00f3n de alumnado que ha finalizado la ESO en un centro educativo de la ciudad y tienen una clara actitud positiva ante el trabajo, con capacidad de esfuerzo y voluntad de superaci\u00f3n.<\/p>\n<p>La beca consiste en una asignaci\u00f3n econ\u00f3mica de entre 600\u20ac y 1400\u20ac anuales, un ordenador, formaci\u00f3n en competencias transversales y el acompa\u00f1amiento de una persona mentora de referencia, todo esto durante un m\u00e1ximo de 4 cursos acad\u00e9micos.\u202f\u202fSiempre que el alumnado siga cumpliendo los requisitos establecidos por la fundaci\u00f3n que se establecen en un contrato privado que vincula el alumnado y la Fundaci\u00f3n.<\/p>\n<p>En este sentido, la figura de la persona mentora voluntaria realiza una tarea muy importante de orientaci\u00f3n sobre el joven, haciendo un acompa\u00f1amiento muy pr\u00f3ximo, personalizado, en encuentros regulares, dando la ayuda a detectar y enfrentar conflictos por su futuro formativo y\/o laboral, bas\u00e1ndose en su experiencia profesional y vital.<\/p>\n<p>La metodolog\u00eda del Programa Becas Impulsa se basa principalmente en el trabajo que se realiza haciendo red en el territorio entre los j\u00f3venes y sus familias, las empresas, los mentores, las entidades, los centros educativos y las instituciones para avanzar hacia una sociedad m\u00e1s justa y cohesionada.[\/vc_column_text][\/vc_column_inner][\/vc_row_inner][\/vc_tta_section][vc_tta_section title=\u00bbProyecto de acompa\u00f1amiento y soporte escolar (PASE) de Castell d&apos;Aro, Platja d&apos;Aro i S&apos;Agar\u00f3\u00bb tab_id=\u00bbprojecte-pase\u00bb][vc_row_inner content_placement=\u00bbmiddle\u00bb][vc_column_inner][vc_column_text css=\u00bb\u00bb]<\/p>\n<p data-start=\"4792\" data-end=\"5237\"><strong>A cargo de:<\/strong> Lali Quinto Vall\u00e8s, cap d&#8217;Unitat de Cultura, Tradicions i Educaci\u00f3.<\/p>\n<p>El municipio lo define como una nueva forma de acompa\u00f1amiento y apoyo escolar. Se trata de un recurso complementario a la escuela, personalizado y adaptado al nivel y ritmo de aprendizaje de cada alumno\/a que, por una parte, refuerza los aprendizajes que se hacen en el centro educativo, y por otra trabaja para que el alumnado entienda la conexi\u00f3n que hay entre los aprendizajes escolares y la vida y, por tanto, vean la utilidad de estos aprendizajes para el d\u00eda a d\u00eda. No es un refuerzo escolar, sino un acompa\u00f1amiento integral de ni\u00f1os y adolescentes.<\/p>\n<p>El Proyecto va dirigido al alumnado de los centros p\u00fablicos del municipio de las etapas de primaria y secundaria. El alumnado de primaria trabaja en su centro escolar, mientras que el de secundaria lo hace en un equipamiento municipal de m\u00e1s f\u00e1cil acceso que el instituto, situado en el n\u00facleo de Castell d&#8217;Aro y con un alto porcentaje de alumnado transportado en horario escolar.<\/p>\n<p>Se impulsa con un convenio regulador entre Ayuntamiento y AFA, que son las responsables de contratar a la empresa que presta el servicio, con la subvenci\u00f3n y bajo las directrices t\u00e9cnicas y pedag\u00f3gicas de los centros educativos y los profesionales del Ayuntamiento. No tiene conste econ\u00f3mico para las familias.[\/vc_column_text][\/vc_column_inner][\/vc_row_inner][\/vc_tta_section][\/vc_tta_accordion][\/vc_column][\/vc_row]<\/p>\n<\/div>","protected":false},"excerpt":{"rendered":"<p>[vc_row full_width=\u00bbstretch_row_content_no_spaces\u00bb content_placement=\u00bbmiddle\u00bb parallax=\u00bbcontent-moving\u00bb parallax_image=\u00bb168&#8243; css_animation=\u00bbfadeIn\u00bb el_id=\u00bbheader-title\u00bb css=\u00bb.vc_custom_1740610674305{margin-bottom: 4rem !important;}\u00bb][vc_column css=\u00bb.vc_custom_1738617474251{margin-top: 0px !important;margin-bottom: 0px !important;padding-top: 8rem !important;padding-bottom: 8rem !important;background-color: #D7D7D799 !important;}\u00bb][vc_custom_heading source=\u00bbpost_title\u00bb font_container=\u00bbtag:h1|text_align:center|color:%23616160&#8243; use_theme_fonts=\u00bbyes\u00bb css_animation=\u00bbnone\u00bb css=\u00bb.vc_custom_1738622140542{margin-bottom: 0px !important;}\u00bb][\/vc_column][\/vc_row][vc_row css_animation=\u00bbfadeIn\u00bb el_class=\u00bbdetall-experiencies\u00bb][vc_column][vc_custom_heading text=\u00bbPresentaciones Orales en formato panel \u2013 Tem\u00e1tica: propuestas fuera escuela\u00bb font_container=\u00bbtag:h2|text_align:left|color:%23616160&#8243; use_theme_fonts=\u00bbyes\u00bb css_animation=\u00bbnone\u00bb css=\u00bb.vc_custom_1753276976039{margin-bottom: 0px !important;}\u00bb][vc_custom_heading text=\u00bbSala grande de Atrium Viladecans\u00bb font_container=\u00bbtag:h3|text_align:left|color:%23939392&#8243; use_theme_fonts=\u00bbyes\u00bb css_animation=\u00bbnone\u00bb css=\u00bb\u00bb][vc_custom_heading&hellip;<\/p>\n","protected":false},"author":3,"featured_media":0,"parent":0,"menu_order":0,"comment_status":"closed","ping_status":"closed","template":"","meta":{"_acf_changed":false,"footnotes":""},"class_list":["post-659","page","type-page","status-publish","hentry"],"acf":[],"_links":{"self":[{"href":"https:\/\/receviladecans.cat\/es\/wp-json\/wp\/v2\/pages\/659","targetHints":{"allow":["GET"]}}],"collection":[{"href":"https:\/\/receviladecans.cat\/es\/wp-json\/wp\/v2\/pages"}],"about":[{"href":"https:\/\/receviladecans.cat\/es\/wp-json\/wp\/v2\/types\/page"}],"author":[{"embeddable":true,"href":"https:\/\/receviladecans.cat\/es\/wp-json\/wp\/v2\/users\/3"}],"replies":[{"embeddable":true,"href":"https:\/\/receviladecans.cat\/es\/wp-json\/wp\/v2\/comments?post=659"}],"version-history":[{"count":24,"href":"https:\/\/receviladecans.cat\/es\/wp-json\/wp\/v2\/pages\/659\/revisions"}],"predecessor-version":[{"id":896,"href":"https:\/\/receviladecans.cat\/es\/wp-json\/wp\/v2\/pages\/659\/revisions\/896"}],"wp:attachment":[{"href":"https:\/\/receviladecans.cat\/es\/wp-json\/wp\/v2\/media?parent=659"}],"curies":[{"name":"wp","href":"https:\/\/api.w.org\/{rel}","templated":true}]}}